{"id":387,"date":"2016-05-24T10:15:08","date_gmt":"2016-05-24T08:15:08","guid":{"rendered":"http:\/\/www.heimatverein-suedlohn.de\/neu2016\/?page_id=387"},"modified":"2024-12-07T11:16:16","modified_gmt":"2024-12-07T10:16:16","slug":"bildungsreisen","status":"publish","type":"page","link":"http:\/\/www.heimatverein-suedlohn.de\/index.php\/aktuelles-termine\/heimatverein-suedlohn-e-v\/bildungsreisen\/","title":{"rendered":"Bildungsreisen"},"content":{"rendered":"\n<style type=\"text\/css\" data-created_by=\"avia_inline_auto\" id=\"style-css-av-2v2lbf-61c0d8776203b9e0d96ba49f17d4d36d\">\n.flex_column.av-2v2lbf-61c0d8776203b9e0d96ba49f17d4d36d{\n-webkit-border-radius:0px 0px 0px 0px;\n-moz-border-radius:0px 0px 0px 0px;\nborder-radius:0px 0px 0px 0px;\npadding:0px 0px 0px 0px;\n}\n<\/style>\n<div class='flex_column av-2v2lbf-61c0d8776203b9e0d96ba49f17d4d36d av_one_full  avia-builder-el-0  el_before_av_one_full  avia-builder-el-first  first flex_column_div av-zero-column-padding '     ><section  class='av_textblock_section av-l1i7zo5b-90b042984fca456e03b125a32d19052a'  itemscope=\"itemscope\" itemtype=\"https:\/\/schema.org\/CreativeWork\" ><div class='avia_textblock'  itemprop=\"text\" ><h1 style=\"text-align: justify;\">Bildungsreisen<\/h1>\n<p style=\"text-align: justify;\"><img loading=\"lazy\" decoding=\"async\" src=\"http:\/\/www.heimatverein-suedlohn.de\/media\/aktuelles\/foto_fahrt.jpg\" alt=\"\" width=\"626\" height=\"248\" \/><\/p>\n<h2 style=\"text-align: justify;\"><b>Reisen bildet!<\/b><\/h2>\n<div style=\"text-align: justify;\">Dieses pr\u00e4gnante Stichwort war und ist Leitgedanke der verschiedenen durchgef\u00fchrten Fahrten des Heimatvereins. Nicht nur die Aufarbeitung und Bewahrung der Geschichte und Gegenwart unserer Gemeinde ist ein sch\u00f6nes Ziel, auch Fahrten zu historischen Orten geh\u00f6ren traditionell zum Heimatverein S\u00fcdlohn. Mittlerweile hat sich eine richtige \u201eFangruppe\u201c gebildet, die immer wieder an den Fahrten teilnimmt.<\/div>\n<div style=\"text-align: justify;\">\n<hr \/>\n<\/div>\n<div style=\"text-align: justify;\">\n<p><a title=\"Helmuth Emmerich\" href=\"http:\/\/www.heimatverein-suedlohn.de\/media\/ueber_suedlohn\/vorstand\/EmmerichHeinrichgr.jpg\"><img loading=\"lazy\" decoding=\"async\" class=\"alignleft\" src=\"http:\/\/www.heimatverein-suedlohn.de\/media\/ueber_suedlohn\/vorstand\/EmmerichHeinrich.jpg\" alt=\"\" width=\"114\" height=\"150\" align=\"left\" border=\"0\" hspace=\"10\" vspace=\"10\" \/><\/a><\/p>\n<p><img loading=\"lazy\" decoding=\"async\" class=\"alignleft\" src=\"http:\/\/www.heimatverein-suedlohn.de\/media\/ueber_suedlohn\/schulen\/dorisbennemann.jpg\" alt=\"\" width=\"109\" height=\"153\" align=\"left\" \/><\/p>\n<\/div>\n<div style=\"text-align: justify;\">Geplant und durchgef\u00fchrt wurden die Reisen von 2002 bis\u00a0 2012 \u00fcberwiegend von Helmuth Emmerich. Seit 2013 \u00fcbernimmt Doris Bennemann Organisation und Durchf\u00fchrung der Fahrten mit einer guten Mischung aus Bildung, Erlebnis und Erholung.<\/div>\n<div><\/div>\n<div><\/div>\n<div style=\"text-align: justify;\"><\/div>\n<div style=\"text-align: justify;\">\n<hr \/>\n<h2><strong>Nachfolgend Kurzbeschreibungen der Reisen \u2013 keine Reiseberichte:<\/strong><\/h2>\n<p>von heute bis 2002<\/p>\n<\/div>\n<\/div><\/section><\/div>\n<style type=\"text\/css\" data-created_by=\"avia_inline_auto\" id=\"style-css-av-1bedb7-c52df889a36d648a2c1f59678652182e\">\n.flex_column.av-1bedb7-c52df889a36d648a2c1f59678652182e{\n-webkit-border-radius:0px 0px 0px 0px;\n-moz-border-radius:0px 0px 0px 0px;\nborder-radius:0px 0px 0px 0px;\npadding:0px 0px 0px 0px;\n}\n<\/style>\n<div class='flex_column av-1bedb7-c52df889a36d648a2c1f59678652182e av_one_full  avia-builder-el-2  el_after_av_one_full  el_before_av_one_third  first flex_column_div av-zero-column-padding column-top-margin'     ><section  class='av_textblock_section av-l13x7dha-5e68478fcc3cbd67a992fa62c3f4ca27'  itemscope=\"itemscope\" itemtype=\"https:\/\/schema.org\/CreativeWork\" ><div class='avia_textblock'  itemprop=\"text\" ><p class=\"Default\"><span style=\"font-size: 20pt; font-family: georgia, palatino, serif;\"><b>2023: Besuch mit F\u00fchrung im Kreislehrgarten Steinfurt <\/b><\/span><\/p>\n<\/div><\/section><\/div>\n<style type=\"text\/css\" data-created_by=\"avia_inline_auto\" id=\"style-css-av-m4e0qpgp-0d4bf0eab6ff3016574c12ccfbb09613\">\n.flex_column.av-m4e0qpgp-0d4bf0eab6ff3016574c12ccfbb09613{\n-webkit-border-radius:0px 0px 0px 0px;\n-moz-border-radius:0px 0px 0px 0px;\nborder-radius:0px 0px 0px 0px;\npadding:0px 0px 0px 0px;\n}\n<\/style>\n<div class='flex_column av-m4e0qpgp-0d4bf0eab6ff3016574c12ccfbb09613 av_one_third  avia-builder-el-4  el_after_av_one_full  el_before_av_one_third  first flex_column_div av-zero-column-padding column-top-margin'     ><style type=\"text\/css\" data-created_by=\"avia_inline_auto\" id=\"style-css-av-m4e0p1yi-6eb5e1c8e2f3c0241c86e8f441493174\">\n.avia-image-container.av-m4e0p1yi-6eb5e1c8e2f3c0241c86e8f441493174 img.avia_image{\nbox-shadow:none;\n}\n.avia-image-container.av-m4e0p1yi-6eb5e1c8e2f3c0241c86e8f441493174 .av-image-caption-overlay-center{\ncolor:#ffffff;\n}\n<\/style>\n<div  class='avia-image-container av-m4e0p1yi-6eb5e1c8e2f3c0241c86e8f441493174 av-styling- av-hover-grow avia-align-center  avia-builder-el-5  avia-builder-el-no-sibling '   itemprop=\"image\" itemscope=\"itemscope\" itemtype=\"https:\/\/schema.org\/ImageObject\" ><div class=\"avia-image-container-inner\"><div class=\"avia-image-overlay-wrap\"><a href=\"http:\/\/www.heimatverein-suedlohn.de\/wp-content\/uploads\/2024\/12\/Kreislehrgarten-Heimatverein-Suedlohn-2023-2-1030x773.jpg\" data-srcset=\"http:\/\/www.heimatverein-suedlohn.de\/wp-content\/uploads\/2024\/12\/Kreislehrgarten-Heimatverein-Suedlohn-2023-2-1030x773.jpg 1030w, http:\/\/www.heimatverein-suedlohn.de\/wp-content\/uploads\/2024\/12\/Kreislehrgarten-Heimatverein-Suedlohn-2023-2-300x225.jpg 300w, http:\/\/www.heimatverein-suedlohn.de\/wp-content\/uploads\/2024\/12\/Kreislehrgarten-Heimatverein-Suedlohn-2023-2-768x576.jpg 768w, http:\/\/www.heimatverein-suedlohn.de\/wp-content\/uploads\/2024\/12\/Kreislehrgarten-Heimatverein-Suedlohn-2023-2-1536x1152.jpg 1536w, http:\/\/www.heimatverein-suedlohn.de\/wp-content\/uploads\/2024\/12\/Kreislehrgarten-Heimatverein-Suedlohn-2023-2-2048x1536.jpg 2048w, http:\/\/www.heimatverein-suedlohn.de\/wp-content\/uploads\/2024\/12\/Kreislehrgarten-Heimatverein-Suedlohn-2023-2-1500x1125.jpg 1500w, http:\/\/www.heimatverein-suedlohn.de\/wp-content\/uploads\/2024\/12\/Kreislehrgarten-Heimatverein-Suedlohn-2023-2-705x529.jpg 705w\" data-sizes=\"(max-width: 1030px) 100vw, 1030px\" class='avia_image' ><img decoding=\"async\" class='wp-image-7870 avia-img-lazy-loading-not-7870 avia_image ' src=\"http:\/\/www.heimatverein-suedlohn.de\/wp-content\/uploads\/2024\/12\/Kreislehrgarten-Heimatverein-Suedlohn-2023-2-300x225.jpg\" alt='' title='Kreislehrgarten Heimatverein S\u00fcdlohn 2023 (2)'  height=\"225\" width=\"300\"  itemprop=\"thumbnailUrl\" srcset=\"http:\/\/www.heimatverein-suedlohn.de\/wp-content\/uploads\/2024\/12\/Kreislehrgarten-Heimatverein-Suedlohn-2023-2-300x225.jpg 300w, http:\/\/www.heimatverein-suedlohn.de\/wp-content\/uploads\/2024\/12\/Kreislehrgarten-Heimatverein-Suedlohn-2023-2-1030x773.jpg 1030w, http:\/\/www.heimatverein-suedlohn.de\/wp-content\/uploads\/2024\/12\/Kreislehrgarten-Heimatverein-Suedlohn-2023-2-768x576.jpg 768w, http:\/\/www.heimatverein-suedlohn.de\/wp-content\/uploads\/2024\/12\/Kreislehrgarten-Heimatverein-Suedlohn-2023-2-1536x1152.jpg 1536w, http:\/\/www.heimatverein-suedlohn.de\/wp-content\/uploads\/2024\/12\/Kreislehrgarten-Heimatverein-Suedlohn-2023-2-2048x1536.jpg 2048w, http:\/\/www.heimatverein-suedlohn.de\/wp-content\/uploads\/2024\/12\/Kreislehrgarten-Heimatverein-Suedlohn-2023-2-1500x1125.jpg 1500w, http:\/\/www.heimatverein-suedlohn.de\/wp-content\/uploads\/2024\/12\/Kreislehrgarten-Heimatverein-Suedlohn-2023-2-705x529.jpg 705w\" sizes=\"(max-width: 300px) 100vw, 300px\" \/><\/a><\/div><\/div><\/div><\/div>\n<style type=\"text\/css\" data-created_by=\"avia_inline_auto\" id=\"style-css-av-av_one_third-277c84d8c5e441600b4a58dc58bc40e2\">\n.flex_column.av-av_one_third-277c84d8c5e441600b4a58dc58bc40e2{\n-webkit-border-radius:0px 0px 0px 0px;\n-moz-border-radius:0px 0px 0px 0px;\nborder-radius:0px 0px 0px 0px;\npadding:0px 0px 0px 0px;\n}\n<\/style>\n<div class='flex_column av-av_one_third-277c84d8c5e441600b4a58dc58bc40e2 av_one_third  avia-builder-el-6  el_after_av_one_third  el_before_av_two_third  flex_column_div av-zero-column-padding column-top-margin'     ><style type=\"text\/css\" data-created_by=\"avia_inline_auto\" id=\"style-css-av-m4e0qy4w-60434690d9eea104bf477714d0f641e6\">\n.avia-image-container.av-m4e0qy4w-60434690d9eea104bf477714d0f641e6 img.avia_image{\nbox-shadow:none;\n}\n.avia-image-container.av-m4e0qy4w-60434690d9eea104bf477714d0f641e6 .av-image-caption-overlay-center{\ncolor:#ffffff;\n}\n<\/style>\n<div  class='avia-image-container av-m4e0qy4w-60434690d9eea104bf477714d0f641e6 av-styling- av-hover-grow avia-align-center  avia-builder-el-7  avia-builder-el-no-sibling '   itemprop=\"image\" itemscope=\"itemscope\" itemtype=\"https:\/\/schema.org\/ImageObject\" ><div class=\"avia-image-container-inner\"><div class=\"avia-image-overlay-wrap\"><a href=\"http:\/\/www.heimatverein-suedlohn.de\/wp-content\/uploads\/2024\/12\/Kreislehrgarten-Heimatverein-Suedlohn-2023-1-1030x773.jpg\" data-srcset=\"http:\/\/www.heimatverein-suedlohn.de\/wp-content\/uploads\/2024\/12\/Kreislehrgarten-Heimatverein-Suedlohn-2023-1-1030x773.jpg 1030w, http:\/\/www.heimatverein-suedlohn.de\/wp-content\/uploads\/2024\/12\/Kreislehrgarten-Heimatverein-Suedlohn-2023-1-300x225.jpg 300w, http:\/\/www.heimatverein-suedlohn.de\/wp-content\/uploads\/2024\/12\/Kreislehrgarten-Heimatverein-Suedlohn-2023-1-768x576.jpg 768w, http:\/\/www.heimatverein-suedlohn.de\/wp-content\/uploads\/2024\/12\/Kreislehrgarten-Heimatverein-Suedlohn-2023-1-1536x1152.jpg 1536w, http:\/\/www.heimatverein-suedlohn.de\/wp-content\/uploads\/2024\/12\/Kreislehrgarten-Heimatverein-Suedlohn-2023-1-2048x1536.jpg 2048w, http:\/\/www.heimatverein-suedlohn.de\/wp-content\/uploads\/2024\/12\/Kreislehrgarten-Heimatverein-Suedlohn-2023-1-1500x1125.jpg 1500w, http:\/\/www.heimatverein-suedlohn.de\/wp-content\/uploads\/2024\/12\/Kreislehrgarten-Heimatverein-Suedlohn-2023-1-705x529.jpg 705w\" data-sizes=\"(max-width: 1030px) 100vw, 1030px\" class='avia_image' ><img decoding=\"async\" class='wp-image-7871 avia-img-lazy-loading-not-7871 avia_image ' src=\"http:\/\/www.heimatverein-suedlohn.de\/wp-content\/uploads\/2024\/12\/Kreislehrgarten-Heimatverein-Suedlohn-2023-1-300x225.jpg\" alt='' title='Kreislehrgarten Heimatverein S\u00fcdlohn 2023 (1)'  height=\"225\" width=\"300\"  itemprop=\"thumbnailUrl\" srcset=\"http:\/\/www.heimatverein-suedlohn.de\/wp-content\/uploads\/2024\/12\/Kreislehrgarten-Heimatverein-Suedlohn-2023-1-300x225.jpg 300w, http:\/\/www.heimatverein-suedlohn.de\/wp-content\/uploads\/2024\/12\/Kreislehrgarten-Heimatverein-Suedlohn-2023-1-1030x773.jpg 1030w, http:\/\/www.heimatverein-suedlohn.de\/wp-content\/uploads\/2024\/12\/Kreislehrgarten-Heimatverein-Suedlohn-2023-1-768x576.jpg 768w, http:\/\/www.heimatverein-suedlohn.de\/wp-content\/uploads\/2024\/12\/Kreislehrgarten-Heimatverein-Suedlohn-2023-1-1536x1152.jpg 1536w, http:\/\/www.heimatverein-suedlohn.de\/wp-content\/uploads\/2024\/12\/Kreislehrgarten-Heimatverein-Suedlohn-2023-1-2048x1536.jpg 2048w, http:\/\/www.heimatverein-suedlohn.de\/wp-content\/uploads\/2024\/12\/Kreislehrgarten-Heimatverein-Suedlohn-2023-1-1500x1125.jpg 1500w, http:\/\/www.heimatverein-suedlohn.de\/wp-content\/uploads\/2024\/12\/Kreislehrgarten-Heimatverein-Suedlohn-2023-1-705x529.jpg 705w\" sizes=\"(max-width: 300px) 100vw, 300px\" \/><\/a><\/div><\/div><\/div><\/div>\n<style type=\"text\/css\" data-created_by=\"avia_inline_auto\" id=\"style-css-av-av_two_third-53b0b300fb3685750664fb085c5ad19d\">\n.flex_column.av-av_two_third-53b0b300fb3685750664fb085c5ad19d{\n-webkit-border-radius:0px 0px 0px 0px;\n-moz-border-radius:0px 0px 0px 0px;\nborder-radius:0px 0px 0px 0px;\npadding:0px 0px 0px 0px;\n}\n<\/style>\n<div class='flex_column av-av_two_third-53b0b300fb3685750664fb085c5ad19d av_two_third  avia-builder-el-8  el_after_av_one_third  el_before_av_one_full  first flex_column_div av-zero-column-padding column-top-margin'     ><section  class='av_textblock_section av-m4e0paoj-150e06f4757cd1224015f3128e90f6ee'  itemscope=\"itemscope\" itemtype=\"https:\/\/schema.org\/CreativeWork\" ><div class='avia_textblock'  itemprop=\"text\" ><p class=\"Default\"><span style=\"font-family: 'Arial',sans-serif;\">Mitten in Steinfurt befindet sich ein kleines Paradies \u2013 der liebevoll und einzigartig gestaltete Kreislehrgarten. Wir erlebten die Anlage mit einer Gartenf\u00fchrung, der Rundgang dauert ca. eine Stunde. Im Anschluss daran besuchten wir das K\u00f6tterhaus am Eingang des Kreislehrgartens, der Kaffeetisch war f\u00fcr uns gedeckt. <\/span><\/p>\n<\/div><\/section><\/div>\n<style type=\"text\/css\" data-created_by=\"avia_inline_auto\" id=\"style-css-av-av_one_full-53b0b300fb3685750664fb085c5ad19d\">\n.flex_column.av-av_one_full-53b0b300fb3685750664fb085c5ad19d{\n-webkit-border-radius:0px 0px 0px 0px;\n-moz-border-radius:0px 0px 0px 0px;\nborder-radius:0px 0px 0px 0px;\npadding:0px 0px 0px 0px;\n}\n<\/style>\n<div class='flex_column av-av_one_full-53b0b300fb3685750664fb085c5ad19d av_one_full  avia-builder-el-10  el_after_av_two_third  el_before_av_one_third  first flex_column_div av-zero-column-padding column-top-margin'     ><section  class='av_textblock_section av-av_textblock-7a1af7d8f9790576b1769c0a9f0449ed'  itemscope=\"itemscope\" itemtype=\"https:\/\/schema.org\/CreativeWork\" ><div class='avia_textblock'  itemprop=\"text\" ><p><span style=\"font-size: 20pt;\"><strong>2023: \u201eSchietwi\u00e4r\u201c<\/strong><\/span><\/p>\n<\/div><\/section><\/div>\n<style type=\"text\/css\" data-created_by=\"avia_inline_auto\" id=\"style-css-av-av_one_third-53b0b300fb3685750664fb085c5ad19d\">\n.flex_column.av-av_one_third-53b0b300fb3685750664fb085c5ad19d{\n-webkit-border-radius:0px 0px 0px 0px;\n-moz-border-radius:0px 0px 0px 0px;\nborder-radius:0px 0px 0px 0px;\npadding:0px 0px 0px 0px;\n}\n<\/style>\n<div class='flex_column av-av_one_third-53b0b300fb3685750664fb085c5ad19d av_one_third  avia-builder-el-12  el_after_av_one_full  el_before_av_two_third  first flex_column_div av-zero-column-padding column-top-margin'     ><style type=\"text\/css\" data-created_by=\"avia_inline_auto\" id=\"style-css-av-m4e0kem1-7d2a526ad927b606f1d793724e3efe75\">\n.avia-image-container.av-m4e0kem1-7d2a526ad927b606f1d793724e3efe75 img.avia_image{\nbox-shadow:none;\n}\n.avia-image-container.av-m4e0kem1-7d2a526ad927b606f1d793724e3efe75 .av-image-caption-overlay-center{\ncolor:#ffffff;\n}\n<\/style>\n<div  class='avia-image-container av-m4e0kem1-7d2a526ad927b606f1d793724e3efe75 av-styling- av-hover-grow avia-align-center  avia-builder-el-13  avia-builder-el-no-sibling '   itemprop=\"image\" itemscope=\"itemscope\" itemtype=\"https:\/\/schema.org\/ImageObject\" ><div class=\"avia-image-container-inner\"><div class=\"avia-image-overlay-wrap\"><a href=\"http:\/\/www.heimatverein-suedlohn.de\/wp-content\/uploads\/2024\/12\/12.03.2023-Besuch-der-Niederdeutschen-Buehne-im-theater-Muenster-1030x773.jpg\" data-srcset=\"http:\/\/www.heimatverein-suedlohn.de\/wp-content\/uploads\/2024\/12\/12.03.2023-Besuch-der-Niederdeutschen-Buehne-im-theater-Muenster-1030x773.jpg 1030w, http:\/\/www.heimatverein-suedlohn.de\/wp-content\/uploads\/2024\/12\/12.03.2023-Besuch-der-Niederdeutschen-Buehne-im-theater-Muenster-300x225.jpg 300w, http:\/\/www.heimatverein-suedlohn.de\/wp-content\/uploads\/2024\/12\/12.03.2023-Besuch-der-Niederdeutschen-Buehne-im-theater-Muenster-768x576.jpg 768w, http:\/\/www.heimatverein-suedlohn.de\/wp-content\/uploads\/2024\/12\/12.03.2023-Besuch-der-Niederdeutschen-Buehne-im-theater-Muenster-1536x1152.jpg 1536w, http:\/\/www.heimatverein-suedlohn.de\/wp-content\/uploads\/2024\/12\/12.03.2023-Besuch-der-Niederdeutschen-Buehne-im-theater-Muenster-2048x1536.jpg 2048w, http:\/\/www.heimatverein-suedlohn.de\/wp-content\/uploads\/2024\/12\/12.03.2023-Besuch-der-Niederdeutschen-Buehne-im-theater-Muenster-1500x1125.jpg 1500w, http:\/\/www.heimatverein-suedlohn.de\/wp-content\/uploads\/2024\/12\/12.03.2023-Besuch-der-Niederdeutschen-Buehne-im-theater-Muenster-705x529.jpg 705w\" data-sizes=\"(max-width: 1030px) 100vw, 1030px\" class='avia_image' ><img decoding=\"async\" class='wp-image-7869 avia-img-lazy-loading-not-7869 avia_image ' src=\"http:\/\/www.heimatverein-suedlohn.de\/wp-content\/uploads\/2024\/12\/12.03.2023-Besuch-der-Niederdeutschen-Buehne-im-theater-Muenster-300x225.jpg\" alt='' title='12.03.2023 - Besuch der Niederdeutschen B\u00fchne im theater M\u00fcnster'  height=\"225\" width=\"300\"  itemprop=\"thumbnailUrl\" srcset=\"http:\/\/www.heimatverein-suedlohn.de\/wp-content\/uploads\/2024\/12\/12.03.2023-Besuch-der-Niederdeutschen-Buehne-im-theater-Muenster-300x225.jpg 300w, http:\/\/www.heimatverein-suedlohn.de\/wp-content\/uploads\/2024\/12\/12.03.2023-Besuch-der-Niederdeutschen-Buehne-im-theater-Muenster-1030x773.jpg 1030w, http:\/\/www.heimatverein-suedlohn.de\/wp-content\/uploads\/2024\/12\/12.03.2023-Besuch-der-Niederdeutschen-Buehne-im-theater-Muenster-768x576.jpg 768w, http:\/\/www.heimatverein-suedlohn.de\/wp-content\/uploads\/2024\/12\/12.03.2023-Besuch-der-Niederdeutschen-Buehne-im-theater-Muenster-1536x1152.jpg 1536w, http:\/\/www.heimatverein-suedlohn.de\/wp-content\/uploads\/2024\/12\/12.03.2023-Besuch-der-Niederdeutschen-Buehne-im-theater-Muenster-2048x1536.jpg 2048w, http:\/\/www.heimatverein-suedlohn.de\/wp-content\/uploads\/2024\/12\/12.03.2023-Besuch-der-Niederdeutschen-Buehne-im-theater-Muenster-1500x1125.jpg 1500w, http:\/\/www.heimatverein-suedlohn.de\/wp-content\/uploads\/2024\/12\/12.03.2023-Besuch-der-Niederdeutschen-Buehne-im-theater-Muenster-705x529.jpg 705w\" sizes=\"(max-width: 300px) 100vw, 300px\" \/><\/a><\/div><\/div><\/div><\/div>\n<style type=\"text\/css\" data-created_by=\"avia_inline_auto\" id=\"style-css-av-av_two_third-7984035d50f0055e2d8c0f71fa3ebd04\">\n.flex_column.av-av_two_third-7984035d50f0055e2d8c0f71fa3ebd04{\n-webkit-border-radius:0px 0px 0px 0px;\n-moz-border-radius:0px 0px 0px 0px;\nborder-radius:0px 0px 0px 0px;\npadding:0px 0px 0px 0px;\n}\n<\/style>\n<div class='flex_column av-av_two_third-7984035d50f0055e2d8c0f71fa3ebd04 av_two_third  avia-builder-el-14  el_after_av_one_third  el_before_av_one_full  flex_column_div av-zero-column-padding column-top-margin'     ><section  class='av_textblock_section av-m4e0l0y8-55fddc13ddb7a8c8688a2c3983953c2d'  itemscope=\"itemscope\" itemtype=\"https:\/\/schema.org\/CreativeWork\" ><div class='avia_textblock'  itemprop=\"text\" ><p class=\"Default\"><span style=\"font-family: 'Arial',sans-serif;\">Der Besuch der Niederdeutschen B\u00fchne am Theater M\u00fcnster war auch im Jahr 2023 ein Erlebnis. Das St\u00fcck von Brigitte Buc, \u00fcbersetzt ins m\u00fcnsterl\u00e4ndische Platt von Hannes Demming handelt von drei Frauen, die auf Grund des schlechten Wetters in einem Cafe stranden. Unfreiwillig lernt man sich kennen und kommt sich n\u00e4her. Dem aufopferungsvollen Leben als Ehefrau und Mutter wird ebenso auf den Zahn gef\u00fchlt wie dem Dasein als Alleinerziehende oder arbeitslose Single-Frau mit einem Suchtproblem. Der Alkohol flie\u00dft in Str\u00f6men und die Hemmschwellen werden niedriger. Der diensthabende Kellner versucht auf seine ganz eigene Art der Lage Herr zu werden. Stehen alle am Ende noch da, wo sie am Anfang standen?<\/span><\/p>\n<\/div><\/section><\/div>\n<style type=\"text\/css\" data-created_by=\"avia_inline_auto\" id=\"style-css-av-av_one_full-53b0b300fb3685750664fb085c5ad19d\">\n.flex_column.av-av_one_full-53b0b300fb3685750664fb085c5ad19d{\n-webkit-border-radius:0px 0px 0px 0px;\n-moz-border-radius:0px 0px 0px 0px;\nborder-radius:0px 0px 0px 0px;\npadding:0px 0px 0px 0px;\n}\n<\/style>\n<div class='flex_column av-av_one_full-53b0b300fb3685750664fb085c5ad19d av_one_full  avia-builder-el-16  el_after_av_two_third  el_before_av_one_third  first flex_column_div av-zero-column-padding column-top-margin'     ><section  class='av_textblock_section av-m4e0j8k5-fd6f21f1017190e0cbf317c1e982e272'  itemscope=\"itemscope\" itemtype=\"https:\/\/schema.org\/CreativeWork\" ><div class='avia_textblock'  itemprop=\"text\" ><h2><strong>2023:<\/strong> <strong>&#8222;Schwiegermutter und andere Bosheiten&#8220; <\/strong><\/h2>\n<\/div><\/section><\/div>\n<style type=\"text\/css\" data-created_by=\"avia_inline_auto\" id=\"style-css-av-av_one_third-53b0b300fb3685750664fb085c5ad19d\">\n.flex_column.av-av_one_third-53b0b300fb3685750664fb085c5ad19d{\n-webkit-border-radius:0px 0px 0px 0px;\n-moz-border-radius:0px 0px 0px 0px;\nborder-radius:0px 0px 0px 0px;\npadding:0px 0px 0px 0px;\n}\n<\/style>\n<div class='flex_column av-av_one_third-53b0b300fb3685750664fb085c5ad19d av_one_third  avia-builder-el-18  el_after_av_one_full  el_before_av_two_third  first flex_column_div av-zero-column-padding column-top-margin'     ><style type=\"text\/css\" data-created_by=\"avia_inline_auto\" id=\"style-css-av-m4e0biwh-baeb322d255018d42b02dc1ec9447dfb\">\n.avia-image-container.av-m4e0biwh-baeb322d255018d42b02dc1ec9447dfb img.avia_image{\nbox-shadow:none;\n}\n.avia-image-container.av-m4e0biwh-baeb322d255018d42b02dc1ec9447dfb .av-image-caption-overlay-center{\ncolor:#ffffff;\n}\n<\/style>\n<div  class='avia-image-container av-m4e0biwh-baeb322d255018d42b02dc1ec9447dfb av-styling- av-hover-grow avia-align-center  avia-builder-el-19  avia-builder-el-no-sibling '   itemprop=\"image\" itemscope=\"itemscope\" itemtype=\"https:\/\/schema.org\/ImageObject\" ><div class=\"avia-image-container-inner\"><div class=\"avia-image-overlay-wrap\"><a href=\"http:\/\/www.heimatverein-suedlohn.de\/wp-content\/uploads\/2024\/12\/11.02.2023-Besuch-Boulevard-Theater-Muenster-1030x773.jpg\" data-srcset=\"http:\/\/www.heimatverein-suedlohn.de\/wp-content\/uploads\/2024\/12\/11.02.2023-Besuch-Boulevard-Theater-Muenster-1030x773.jpg 1030w, http:\/\/www.heimatverein-suedlohn.de\/wp-content\/uploads\/2024\/12\/11.02.2023-Besuch-Boulevard-Theater-Muenster-300x225.jpg 300w, http:\/\/www.heimatverein-suedlohn.de\/wp-content\/uploads\/2024\/12\/11.02.2023-Besuch-Boulevard-Theater-Muenster-768x576.jpg 768w, http:\/\/www.heimatverein-suedlohn.de\/wp-content\/uploads\/2024\/12\/11.02.2023-Besuch-Boulevard-Theater-Muenster-1536x1152.jpg 1536w, http:\/\/www.heimatverein-suedlohn.de\/wp-content\/uploads\/2024\/12\/11.02.2023-Besuch-Boulevard-Theater-Muenster-2048x1536.jpg 2048w, http:\/\/www.heimatverein-suedlohn.de\/wp-content\/uploads\/2024\/12\/11.02.2023-Besuch-Boulevard-Theater-Muenster-1500x1125.jpg 1500w, http:\/\/www.heimatverein-suedlohn.de\/wp-content\/uploads\/2024\/12\/11.02.2023-Besuch-Boulevard-Theater-Muenster-705x529.jpg 705w\" data-sizes=\"(max-width: 1030px) 100vw, 1030px\" class='avia_image' ><img decoding=\"async\" class='wp-image-7868 avia-img-lazy-loading-not-7868 avia_image ' src=\"http:\/\/www.heimatverein-suedlohn.de\/wp-content\/uploads\/2024\/12\/11.02.2023-Besuch-Boulevard-Theater-Muenster-300x225.jpg\" alt='' title='11.02.2023 - Besuch Boulevard-Theater M\u00fcnster'  height=\"225\" width=\"300\"  itemprop=\"thumbnailUrl\" srcset=\"http:\/\/www.heimatverein-suedlohn.de\/wp-content\/uploads\/2024\/12\/11.02.2023-Besuch-Boulevard-Theater-Muenster-300x225.jpg 300w, http:\/\/www.heimatverein-suedlohn.de\/wp-content\/uploads\/2024\/12\/11.02.2023-Besuch-Boulevard-Theater-Muenster-1030x773.jpg 1030w, http:\/\/www.heimatverein-suedlohn.de\/wp-content\/uploads\/2024\/12\/11.02.2023-Besuch-Boulevard-Theater-Muenster-768x576.jpg 768w, http:\/\/www.heimatverein-suedlohn.de\/wp-content\/uploads\/2024\/12\/11.02.2023-Besuch-Boulevard-Theater-Muenster-1536x1152.jpg 1536w, http:\/\/www.heimatverein-suedlohn.de\/wp-content\/uploads\/2024\/12\/11.02.2023-Besuch-Boulevard-Theater-Muenster-2048x1536.jpg 2048w, http:\/\/www.heimatverein-suedlohn.de\/wp-content\/uploads\/2024\/12\/11.02.2023-Besuch-Boulevard-Theater-Muenster-1500x1125.jpg 1500w, http:\/\/www.heimatverein-suedlohn.de\/wp-content\/uploads\/2024\/12\/11.02.2023-Besuch-Boulevard-Theater-Muenster-705x529.jpg 705w\" sizes=\"(max-width: 300px) 100vw, 300px\" \/><\/a><\/div><\/div><\/div><\/div>\n<style type=\"text\/css\" data-created_by=\"avia_inline_auto\" id=\"style-css-av-av_two_third-7984035d50f0055e2d8c0f71fa3ebd04\">\n.flex_column.av-av_two_third-7984035d50f0055e2d8c0f71fa3ebd04{\n-webkit-border-radius:0px 0px 0px 0px;\n-moz-border-radius:0px 0px 0px 0px;\nborder-radius:0px 0px 0px 0px;\npadding:0px 0px 0px 0px;\n}\n<\/style>\n<div class='flex_column av-av_two_third-7984035d50f0055e2d8c0f71fa3ebd04 av_two_third  avia-builder-el-20  el_after_av_one_third  el_before_av_one_full  flex_column_div av-zero-column-padding column-top-margin'     ><section  class='av_textblock_section av-m4e0et6w-cfa830fafcb61cfb946b9480c86a0d47'  itemscope=\"itemscope\" itemtype=\"https:\/\/schema.org\/CreativeWork\" ><div class='avia_textblock'  itemprop=\"text\" ><p>Seit 25 Jahren werden im privaten Boulevard-Theater in der K\u00f6nigspassage unterhaltsame und humorvolle Kom\u00f6dien jeder Artgespielt. Der Humor kommt nicht zu kurz, darauf k\u00f6nnen sich die Besucher verlassen.&#8220; Schwiegermutter und andere Bosheiten &#8220; hielt mit spritzigen Dialogenden Zuschauer in Atem. (Vienna Journal, zur Urauff\u00fchrung)<\/p>\n<\/div><\/section><\/div>\n<style type=\"text\/css\" data-created_by=\"avia_inline_auto\" id=\"style-css-av-av_one_full-53b0b300fb3685750664fb085c5ad19d\">\n.flex_column.av-av_one_full-53b0b300fb3685750664fb085c5ad19d{\n-webkit-border-radius:0px 0px 0px 0px;\n-moz-border-radius:0px 0px 0px 0px;\nborder-radius:0px 0px 0px 0px;\npadding:0px 0px 0px 0px;\n}\n<\/style>\n<div class='flex_column av-av_one_full-53b0b300fb3685750664fb085c5ad19d av_one_full  avia-builder-el-22  el_after_av_two_third  el_before_av_one_third  first flex_column_div av-zero-column-padding column-top-margin'     ><section  class='av_textblock_section av-av_textblock-32af9c344aeda5838e62bcf702809feb'  itemscope=\"itemscope\" itemtype=\"https:\/\/schema.org\/CreativeWork\" ><div class='avia_textblock'  itemprop=\"text\" ><h2>2022: &#8222;De swatte Kumelge&#8220; &#8211; Die schwarze Kom\u00f6die<\/h2>\n<\/div><\/section><\/div><\/p>\n\n<style type=\"text\/css\" data-created_by=\"avia_inline_auto\" id=\"style-css-av-acstn-2ff73fa4bbacfc9c84cb3bc5b1b8b789\">\n.flex_column.av-acstn-2ff73fa4bbacfc9c84cb3bc5b1b8b789{\n-webkit-border-radius:0px 0px 0px 0px;\n-moz-border-radius:0px 0px 0px 0px;\nborder-radius:0px 0px 0px 0px;\npadding:0px 0px 0px 0px;\n}\n<\/style>\n<div class='flex_column av-acstn-2ff73fa4bbacfc9c84cb3bc5b1b8b789 av_one_third  avia-builder-el-24  el_after_av_one_full  el_before_av_two_third  first flex_column_div av-zero-column-padding column-top-margin'     ><style type=\"text\/css\" data-created_by=\"avia_inline_auto\" id=\"style-css-av-l181aoge-ef59c00ed8d7ebe6a21dc8193b58ab43\">\n.avia-image-container.av-l181aoge-ef59c00ed8d7ebe6a21dc8193b58ab43 img.avia_image{\nbox-shadow:none;\n}\n.avia-image-container.av-l181aoge-ef59c00ed8d7ebe6a21dc8193b58ab43 .av-image-caption-overlay-center{\ncolor:#ffffff;\n}\n<\/style>\n<div  class='avia-image-container av-l181aoge-ef59c00ed8d7ebe6a21dc8193b58ab43 av-styling- av-hover-grow avia-align-center  avia-builder-el-25  avia-builder-el-no-sibling '   itemprop=\"image\" itemscope=\"itemscope\" itemtype=\"https:\/\/schema.org\/ImageObject\" ><div class=\"avia-image-container-inner\"><div class=\"avia-image-overlay-wrap\"><a href=\"http:\/\/www.heimatverein-suedlohn.de\/wp-content\/uploads\/2022\/03\/13.03.2022-Thater-MS-1-1030x773.jpg\" data-srcset=\"http:\/\/www.heimatverein-suedlohn.de\/wp-content\/uploads\/2022\/03\/13.03.2022-Thater-MS-1-1030x773.jpg 1030w, http:\/\/www.heimatverein-suedlohn.de\/wp-content\/uploads\/2022\/03\/13.03.2022-Thater-MS-1-300x225.jpg 300w, http:\/\/www.heimatverein-suedlohn.de\/wp-content\/uploads\/2022\/03\/13.03.2022-Thater-MS-1-768x576.jpg 768w, http:\/\/www.heimatverein-suedlohn.de\/wp-content\/uploads\/2022\/03\/13.03.2022-Thater-MS-1-1536x1152.jpg 1536w, http:\/\/www.heimatverein-suedlohn.de\/wp-content\/uploads\/2022\/03\/13.03.2022-Thater-MS-1-2048x1536.jpg 2048w, http:\/\/www.heimatverein-suedlohn.de\/wp-content\/uploads\/2022\/03\/13.03.2022-Thater-MS-1-1500x1125.jpg 1500w, http:\/\/www.heimatverein-suedlohn.de\/wp-content\/uploads\/2022\/03\/13.03.2022-Thater-MS-1-705x529.jpg 705w\" data-sizes=\"(max-width: 1030px) 100vw, 1030px\" class='avia_image' ><img decoding=\"async\" class='wp-image-6449 avia-img-lazy-loading-not-6449 avia_image ' src=\"http:\/\/www.heimatverein-suedlohn.de\/wp-content\/uploads\/2022\/03\/13.03.2022-Thater-MS-1-495x400.jpg\" alt='' title='13.03.2022 - Thater MS 1'  height=\"400\" width=\"495\"  itemprop=\"thumbnailUrl\" srcset=\"http:\/\/www.heimatverein-suedlohn.de\/wp-content\/uploads\/2022\/03\/13.03.2022-Thater-MS-1-495x400.jpg 495w, http:\/\/www.heimatverein-suedlohn.de\/wp-content\/uploads\/2022\/03\/13.03.2022-Thater-MS-1-845x684.jpg 845w\" sizes=\"(max-width: 495px) 100vw, 495px\" \/><\/a><\/div><\/div><\/div><\/div>\n\n<style type=\"text\/css\" data-created_by=\"avia_inline_auto\" id=\"style-css-av-9dr8z-f31bbed9d8b2100a1f06210a8620e408\">\n.flex_column.av-9dr8z-f31bbed9d8b2100a1f06210a8620e408{\n-webkit-border-radius:0px 0px 0px 0px;\n-moz-border-radius:0px 0px 0px 0px;\nborder-radius:0px 0px 0px 0px;\npadding:0px 0px 0px 0px;\n}\n<\/style>\n<div class='flex_column av-9dr8z-f31bbed9d8b2100a1f06210a8620e408 av_two_third  avia-builder-el-26  el_after_av_one_third  el_before_av_one_full  flex_column_div av-zero-column-padding column-top-margin'     ><section  class='av_textblock_section av-l1iaww27-ab3352138e9d05e7b9e127a72a088720'  itemscope=\"itemscope\" itemtype=\"https:\/\/schema.org\/CreativeWork\" ><div class='avia_textblock'  itemprop=\"text\" ><p>Nach einer Corona-bedingten Pause sind wir im Jahre 2022 wieder zur Niederdeutschen B\u00fchne im Theater M\u00fcnster gefahren um diese Kom\u00f6die zu erleben.<br \/>\nVor genau 55 Jahren hat der britische Autor Peter Shaffer diese Farce geschrieben, die davon lebt, dass das Publikum sieht, was die Darsteller nicht sehen: Das St\u00fcck beginnt in v\u00f6lliger Dunkelheit, bis es nach wenigen Minuten bei einem &#8222;Kurzschluss&#8220; hell wird &#8211; f\u00fcr die Zuschauer bis zu Ende des St\u00fccks; die Darsteller spielen aber, als g\u00e4be es kein Licht. Dies alles f\u00fchrt zu einer unersch\u00f6pflichen Quelle von Fehltritten und Verwechselungen. Im M\u00fcnsterl\u00e4nder Platt wurde das St\u00fcck von Hannes Demming \u00fcbertragen.<\/p>\n<\/div><\/section><\/div>\n<style type=\"text\/css\" data-created_by=\"avia_inline_auto\" id=\"style-css-av-qmon7-d0a4e9ca3088988395a67d82656a597e\">\n.flex_column.av-qmon7-d0a4e9ca3088988395a67d82656a597e{\n-webkit-border-radius:0px 0px 0px 0px;\n-moz-border-radius:0px 0px 0px 0px;\nborder-radius:0px 0px 0px 0px;\npadding:0px 0px 0px 0px;\n}\n<\/style>\n<div class='flex_column av-qmon7-d0a4e9ca3088988395a67d82656a597e av_one_full  avia-builder-el-28  el_after_av_two_third  el_before_av_one_full  first flex_column_div av-zero-column-padding column-top-margin'     ><section  class='av_textblock_section av-l13x6wai-9268f1ca971fc6f6faa3bc66585426e0'  itemscope=\"itemscope\" itemtype=\"https:\/\/schema.org\/CreativeWork\" ><div class='avia_textblock'  itemprop=\"text\" ><h2>2021: &#8222;Wir planen auf Sicht&#8220;, das ist das Stichwort des Jahres 2021<\/h2>\n<p>So kennen es unsere Mitglieder aus der Erfahrung der letzten Jahre: Mit unseren Weihnachts- und Neujahrsgr\u00fc\u00dfen haben wir die Darstellung des jeweiligen Jahresprogramms verbunden. F\u00fcr das Jahr 2021 gilt, dass vorausschauende Planungen nicht m\u00f6glich sind. Wir planen &#8222;auf Sicht&#8220; und hoffen, dass sich das Leben im Laufe des Jahres normalisiert.<\/p>\n<p>Mit den Weihnachts- und Neujahrsgr\u00fc\u00dfen haben wir eine weihnachtliche &#8222;Heimatverlosung&#8220; durchgef\u00fchrt, an der unsere 618 Mitglieder (Stand Ende 2020) teilnehmen konnten. Die Verlosung hat den Dank f\u00fcr die Unterst\u00fctzung des Heimatvereins ausgedr\u00fcckt. Verlost wurden 16 Gutscheine S\u00fcdlohner Gesch\u00e4fte, um sie zu unterst\u00fctzen und zu f\u00f6rdern, soweit es dem Heimatverein m\u00f6glich war.<\/p>\n<\/div><\/section><\/div><\/p>\n\n<style type=\"text\/css\" data-created_by=\"avia_inline_auto\" id=\"style-css-av-4i9cj-b1f6ed02029267e47da345bc63b73355\">\n.flex_column.av-4i9cj-b1f6ed02029267e47da345bc63b73355{\n-webkit-border-radius:0px 0px 0px 0px;\n-moz-border-radius:0px 0px 0px 0px;\nborder-radius:0px 0px 0px 0px;\npadding:0px 0px 0px 0px;\n}\n<\/style>\n<div class='flex_column av-4i9cj-b1f6ed02029267e47da345bc63b73355 av_one_full  avia-builder-el-30  el_after_av_one_full  el_before_av_one_full  first flex_column_div av-zero-column-padding column-top-margin'     ><section  class='av_textblock_section av-l13x67oz-a92b4e5215177a0d479feb01607c20b6'  itemscope=\"itemscope\" itemtype=\"https:\/\/schema.org\/CreativeWork\" ><div class='avia_textblock'  itemprop=\"text\" ><h2>2020: Die Corona Pandemie verhindert zum gro\u00dfen Teil die Durchf\u00fchrung des fertig gestellten und durchgeplanten Veranstaltungsprogramms 2020<\/h2>\n<p>Eine Anzahl von Veranstaltungen konnte 2020 durchgef\u00fchrt werden: z.B. der gesellige Winterabend und die erfolgreichen Heimatlesungen unter dem Titel &#8222;Erinnerungen an eine wirre Zeit&#8220;. Kurz nach Durchf\u00fchrung der Generalversammlung am 06. M\u00e4rz 2020 kam die Corona-Pandemie, die das ganze Leben beeinflusst hat. Auch die Vereinsarbeit war betroffen, alle weiteren Termine wurden abgesagt. So der Besuch der Niederdeutschen B\u00fchne am 05. April 2020 und die Tagesfahrt am<br \/>\n19. August 2020 mit einer Fahrt mit dem historischen Kaiserwagen der Wuppertaler Schwebebahn. Eingezahlte Beitr\u00e4ge f\u00fcr Fahrten und Zusammenk\u00fcnfte haben wir zur\u00fcckerstattet.<\/p>\n<\/div><\/section><\/div>\n\n<style type=\"text\/css\" data-created_by=\"avia_inline_auto\" id=\"style-css-av-12b9uj-fae9d4825cbbd65ad2353f9fbea40494\">\n.flex_column.av-12b9uj-fae9d4825cbbd65ad2353f9fbea40494{\n-webkit-border-radius:0px 0px 0px 0px;\n-moz-border-radius:0px 0px 0px 0px;\nborder-radius:0px 0px 0px 0px;\npadding:0px 0px 0px 0px;\n}\n<\/style>\n<div class='flex_column av-12b9uj-fae9d4825cbbd65ad2353f9fbea40494 av_one_full  avia-builder-el-32  el_after_av_one_full  el_before_av_one_third  first flex_column_div av-zero-column-padding column-top-margin'     ><section  class='av_textblock_section av-l13x5ehm-9c7e98bf308fbc89f0bf162d6bab629e'  itemscope=\"itemscope\" itemtype=\"https:\/\/schema.org\/CreativeWork\" ><div class='avia_textblock'  itemprop=\"text\" ><h2>26.06.2019: Schmallenberger Sauerland erleben<\/h2>\n<\/div><\/section><\/div>\n\n<style type=\"text\/css\" data-created_by=\"avia_inline_auto\" id=\"style-css-av-24l7k3-806527a83ecd5573ad9a51d6d5983502\">\n.flex_column.av-24l7k3-806527a83ecd5573ad9a51d6d5983502{\n-webkit-border-radius:0px 0px 0px 0px;\n-moz-border-radius:0px 0px 0px 0px;\nborder-radius:0px 0px 0px 0px;\npadding:0px 0px 0px 0px;\n}\n<\/style>\n<div class='flex_column av-24l7k3-806527a83ecd5573ad9a51d6d5983502 av_one_third  avia-builder-el-34  el_after_av_one_full  el_before_av_two_third  first flex_column_div av-zero-column-padding column-top-margin'     ><div  class='avia-slideshow av-l13xrmjl-8d9a1a2eb45a559a4f4a4003b8a15c75 avia-slideshow-portfolio av_slideshow avia-slide-slider  avia-builder-el-35  avia-builder-el-no-sibling  av-slideshow-ui av-control-default av-slideshow-autoplay av-loop-endless av-loop-manual-endless av-default-height-applied avia-slideshow-1' data-slideshow-options=\"{&quot;animation&quot;:&quot;slide&quot;,&quot;autoplay&quot;:true,&quot;loop_autoplay&quot;:&quot;endless&quot;,&quot;interval&quot;:5,&quot;loop_manual&quot;:&quot;manual-endless&quot;,&quot;autoplay_stopper&quot;:false,&quot;noNavigation&quot;:false,&quot;bg_slider&quot;:false,&quot;keep_padding&quot;:false,&quot;hoverpause&quot;:false,&quot;show_slide_delay&quot;:0}\"  itemprop=\"image\" itemscope=\"itemscope\" itemtype=\"https:\/\/schema.org\/ImageObject\" ><ul class='avia-slideshow-inner ' style='padding-bottom: 80.808080808081%;'><li  class='avia-slideshow-slide av-l13xrmjl-8d9a1a2eb45a559a4f4a4003b8a15c75__0  slide-1 slide-odd'><div data-rel='slideshow-1' class='avia-slide-wrap '   ><img decoding=\"async\" class=\"wp-image-6451 avia-img-lazy-loading-not-6451\"  src=\"http:\/\/www.heimatverein-suedlohn.de\/wp-content\/uploads\/2022\/03\/26.06.2019-1-495x400.jpg\" width=\"495\" height=\"400\" title='26.06.2019 - 1' alt=''  itemprop=\"thumbnailUrl\" srcset=\"http:\/\/www.heimatverein-suedlohn.de\/wp-content\/uploads\/2022\/03\/26.06.2019-1-495x400.jpg 495w, http:\/\/www.heimatverein-suedlohn.de\/wp-content\/uploads\/2022\/03\/26.06.2019-1-845x684.jpg 845w\" sizes=\"(max-width: 495px) 100vw, 495px\" \/><\/div><\/li><li  class='avia-slideshow-slide av-l13xrmjl-8d9a1a2eb45a559a4f4a4003b8a15c75__1  slide-2 slide-even'><div data-rel='slideshow-1' class='avia-slide-wrap '   ><img decoding=\"async\" class=\"wp-image-6452 avia-img-lazy-loading-not-6452\"  src=\"http:\/\/www.heimatverein-suedlohn.de\/wp-content\/uploads\/2022\/03\/26.06.2019-2-495x400.jpg\" width=\"495\" height=\"400\" title='26.06.2019 - 2' alt=''  itemprop=\"thumbnailUrl\" srcset=\"http:\/\/www.heimatverein-suedlohn.de\/wp-content\/uploads\/2022\/03\/26.06.2019-2-495x400.jpg 495w, http:\/\/www.heimatverein-suedlohn.de\/wp-content\/uploads\/2022\/03\/26.06.2019-2-845x684.jpg 845w\" sizes=\"(max-width: 495px) 100vw, 495px\" \/><\/div><\/li><li  class='avia-slideshow-slide av-l13xrmjl-8d9a1a2eb45a559a4f4a4003b8a15c75__2  slide-3 slide-odd'><div data-rel='slideshow-1' class='avia-slide-wrap '   ><img decoding=\"async\" class=\"wp-image-6453 avia-img-lazy-loading-not-6453\"  src=\"http:\/\/www.heimatverein-suedlohn.de\/wp-content\/uploads\/2022\/03\/26.06.2019-3-495x400.jpg\" width=\"495\" height=\"400\" title='26.06.2019 - 3' alt=''  itemprop=\"thumbnailUrl\" srcset=\"http:\/\/www.heimatverein-suedlohn.de\/wp-content\/uploads\/2022\/03\/26.06.2019-3-495x400.jpg 495w, http:\/\/www.heimatverein-suedlohn.de\/wp-content\/uploads\/2022\/03\/26.06.2019-3-845x684.jpg 845w\" sizes=\"(max-width: 495px) 100vw, 495px\" \/><\/div><\/li><\/ul><div class='avia-slideshow-arrows avia-slideshow-controls' ><a href='#prev' class='prev-slide ' aria-hidden='true' data-av_icon='\ue87c' data-av_iconfont='entypo-fontello'  tabindex='-1'>Zur\u00fcck<\/a><a href='#next' class='next-slide ' aria-hidden='true' data-av_icon='\ue87d' data-av_iconfont='entypo-fontello'  tabindex='-1'>Weiter<\/a><\/div><div class='avia-slideshow-dots avia-slideshow-controls'><a href='#1' class='goto-slide active' >1<\/a><a href='#2' class='goto-slide ' >2<\/a><a href='#3' class='goto-slide ' >3<\/a><\/div><\/div><\/div>\n\n<style type=\"text\/css\" data-created_by=\"avia_inline_auto\" id=\"style-css-av-1siu7n-427b1ec8376c2452a53ea296e0b232ea\">\n.flex_column.av-1siu7n-427b1ec8376c2452a53ea296e0b232ea{\n-webkit-border-radius:0px 0px 0px 0px;\n-moz-border-radius:0px 0px 0px 0px;\nborder-radius:0px 0px 0px 0px;\npadding:0px 0px 0px 0px;\n}\n<\/style>\n<div class='flex_column av-1siu7n-427b1ec8376c2452a53ea296e0b232ea av_two_third  avia-builder-el-36  el_after_av_one_third  el_before_av_one_full  flex_column_div av-zero-column-padding column-top-margin'     ><section  class='av_textblock_section av-l1iay4p3-2da38487e171646c919f91bcccbad25b'  itemscope=\"itemscope\" itemtype=\"https:\/\/schema.org\/CreativeWork\" ><div class='avia_textblock'  itemprop=\"text\" ><p>Unsere langj\u00e4hrige bew\u00e4hrte Reiseleiterin Doris Bennemann ist eine waschechte Sauerl\u00e4nderin. Im Jahre 2015 hie\u00df es &#8222;M\u00fcnsterland gr\u00fc\u00dft Sauerland&#8220; ein Besuch in Brilon und in ihr Heimatdorf Scharfenberg stand auf dem Programm. In diesem Jahr f\u00fchrte uns Doris Bennemann ins Schmallenberger Sauerland. Begleitet wurde die Reise von Wolfgang Kraft, einem ausgesprochenen Kenner Sauerl\u00e4nder Lebensart und Kulturhistorie. Erste Reisestation war ein technischen Museums in Fleckenberg. Die Besteckfabrik Hesse ist eine vollst\u00e4ndig eingerichtete Fabrik zur Herstellung von Bestecken. Von 1938 bis 1974 wurden hier Bestecke verschiedener Art hergestellt. 1990 wurde die Besteckfabrik mit ihrer fast vollst\u00e4ndig erhaltenen Inneneinrichtung unter Denkmalschutz gestellt. Die S\u00fcdlohner Besucher waren begeistert und verglichen die alte Produktionsst\u00e4tte mit der &#8222;Menke M\u00fchle&#8220;, ebenfalls ein erhalten gebliebenes Denkmal mit funktionsf\u00e4higer Technik.<\/p>\n<p>Der anschlie\u00dfende Besuch der sp\u00e4tromanischen Wallfahrtskirche Peter &amp; Paul in Schmallenberg-Wormbach mit kurzer F\u00fchrung lag auf der Wegstrecke zu einem typischen Sauerl\u00e4nder Gasthof, dem Lokal Droste in Schmallenberg-Oberkirchen. Mit einer Fahrt auf dem M\u00f6hnesee &#8211; nat\u00fcrlich mit Kaffee und Kuchen &#8211; wurde dieser Reisetag abgeschlossen.<\/p>\n<\/div><\/section><\/div>\n\n<style type=\"text\/css\" data-created_by=\"avia_inline_auto\" id=\"style-css-av-2a2wub-06758ee4df57fef33c52bd191248d6f8\">\n.flex_column.av-2a2wub-06758ee4df57fef33c52bd191248d6f8{\n-webkit-border-radius:0px 0px 0px 0px;\n-moz-border-radius:0px 0px 0px 0px;\nborder-radius:0px 0px 0px 0px;\npadding:0px 0px 0px 0px;\n}\n<\/style>\n<div class='flex_column av-2a2wub-06758ee4df57fef33c52bd191248d6f8 av_one_full  avia-builder-el-38  el_after_av_two_third  el_before_av_one_full  first flex_column_div av-zero-column-padding column-top-margin'     ><section  class='av_textblock_section av-l13x4j0p-84fe6e99235a28a9648eb447bb31f87c'  itemscope=\"itemscope\" itemtype=\"https:\/\/schema.org\/CreativeWork\" ><div class='avia_textblock'  itemprop=\"text\" ><h2>24.02.2019: Erich K\u00e4stner liefert mit seinem Roman &#8222;Drei M\u00e4nner im Schnee&#8220; die Vorlage.<\/h2>\n<p>Den Besuch der niederdeutschen B\u00fchne hat Doris Bennemann erstmalig im Jahre 2013 eingef\u00fchrt. Seitdem sind diese Fahrten mit einer vorherigen Kaffeepause beliebte Touren zur niederdeutschen B\u00fchne im Theater M\u00fcnster. Dieses Jahr stand der Klassiker &#8222;Drei Mannl\u00fc\u00fc in Snei&#8220; auf dem Programm. Das begrenzte Kartenkontingent war wie in jedem Jahr schnell vergriffen. Vor dem Theaterbesuch konnte die Gruppe des Heimatvereins Kaffee und Kuchen im &#8222;Landhotel Waldschl\u00f6sschen&#8220; in Laer, einem traditionsreiches Haus in reizvoller Umgebung genie\u00dfen.<\/p>\n<\/div><\/section><\/div>\n\n<style type=\"text\/css\" data-created_by=\"avia_inline_auto\" id=\"style-css-av-v1w4j-78b223b0bdce24f29fda3044025801ff\">\n.flex_column.av-v1w4j-78b223b0bdce24f29fda3044025801ff{\n-webkit-border-radius:0px 0px 0px 0px;\n-moz-border-radius:0px 0px 0px 0px;\nborder-radius:0px 0px 0px 0px;\npadding:0px 0px 0px 0px;\n}\n<\/style>\n<div class='flex_column av-v1w4j-78b223b0bdce24f29fda3044025801ff av_one_full  avia-builder-el-40  el_after_av_one_full  el_before_av_one_third  first flex_column_div av-zero-column-padding column-top-margin'     ><section  class='av_textblock_section av-l13x3ouj-1290d5a1f36fc1fb8f24f3198083e041'  itemscope=\"itemscope\" itemtype=\"https:\/\/schema.org\/CreativeWork\" ><div class='avia_textblock'  itemprop=\"text\" ><h2>22.08.2018: Villa H\u00fcgel und Binnenhafen Duisburg<\/h2>\n<\/div><\/section><\/div>\n\n<style type=\"text\/css\" data-created_by=\"avia_inline_auto\" id=\"style-css-av-30ld6j-fa4d6b4a6251809948b94ee8c9b93da2\">\n.flex_column.av-30ld6j-fa4d6b4a6251809948b94ee8c9b93da2{\n-webkit-border-radius:0px 0px 0px 0px;\n-moz-border-radius:0px 0px 0px 0px;\nborder-radius:0px 0px 0px 0px;\npadding:0px 0px 0px 0px;\n}\n<\/style>\n<div class='flex_column av-30ld6j-fa4d6b4a6251809948b94ee8c9b93da2 av_one_third  avia-builder-el-42  el_after_av_one_full  el_before_av_two_third  first flex_column_div av-zero-column-padding column-top-margin'     ><style type=\"text\/css\" data-created_by=\"avia_inline_auto\" id=\"style-css-av-2tvj5v-3c91f2517c047a87dd2e429e261138fb\">\n.avia-image-container.av-2tvj5v-3c91f2517c047a87dd2e429e261138fb img.avia_image{\nbox-shadow:none;\n}\n.avia-image-container.av-2tvj5v-3c91f2517c047a87dd2e429e261138fb .av-image-caption-overlay-center{\ncolor:#ffffff;\n}\n<\/style>\n<div  class='avia-image-container av-2tvj5v-3c91f2517c047a87dd2e429e261138fb av-styling- av-hover-grow avia-align-center  avia-builder-el-43  avia-builder-el-no-sibling '   itemprop=\"image\" itemscope=\"itemscope\" itemtype=\"https:\/\/schema.org\/ImageObject\" ><div class=\"avia-image-container-inner\"><div class=\"avia-image-overlay-wrap\"><a href=\"http:\/\/www.heimatverein-suedlohn.de\/wp-content\/uploads\/2022\/03\/22.08.2018-Villa-Huegel-1030x579.jpg\" data-srcset=\"http:\/\/www.heimatverein-suedlohn.de\/wp-content\/uploads\/2022\/03\/22.08.2018-Villa-Huegel-1030x579.jpg 1030w, http:\/\/www.heimatverein-suedlohn.de\/wp-content\/uploads\/2022\/03\/22.08.2018-Villa-Huegel-300x169.jpg 300w, http:\/\/www.heimatverein-suedlohn.de\/wp-content\/uploads\/2022\/03\/22.08.2018-Villa-Huegel-768x432.jpg 768w, http:\/\/www.heimatverein-suedlohn.de\/wp-content\/uploads\/2022\/03\/22.08.2018-Villa-Huegel-1536x864.jpg 1536w, http:\/\/www.heimatverein-suedlohn.de\/wp-content\/uploads\/2022\/03\/22.08.2018-Villa-Huegel-2048x1152.jpg 2048w, http:\/\/www.heimatverein-suedlohn.de\/wp-content\/uploads\/2022\/03\/22.08.2018-Villa-Huegel-1500x844.jpg 1500w, http:\/\/www.heimatverein-suedlohn.de\/wp-content\/uploads\/2022\/03\/22.08.2018-Villa-Huegel-705x397.jpg 705w\" data-sizes=\"(max-width: 1030px) 100vw, 1030px\" class='avia_image' ><img decoding=\"async\" class='wp-image-6450 avia-img-lazy-loading-not-6450 avia_image ' src=\"http:\/\/www.heimatverein-suedlohn.de\/wp-content\/uploads\/2022\/03\/22.08.2018-Villa-Huegel-495x400.jpg\" alt='' title='22.08.2018 - Villa H\u00fcgel'  height=\"400\" width=\"495\"  itemprop=\"thumbnailUrl\" srcset=\"http:\/\/www.heimatverein-suedlohn.de\/wp-content\/uploads\/2022\/03\/22.08.2018-Villa-Huegel-495x400.jpg 495w, http:\/\/www.heimatverein-suedlohn.de\/wp-content\/uploads\/2022\/03\/22.08.2018-Villa-Huegel-845x684.jpg 845w\" sizes=\"(max-width: 495px) 100vw, 495px\" \/><\/a><\/div><\/div><\/div><\/div>\n\n<style type=\"text\/css\" data-created_by=\"avia_inline_auto\" id=\"style-css-av-2pcamb-90cd94ac8020939e3892503ddde5ffa0\">\n.flex_column.av-2pcamb-90cd94ac8020939e3892503ddde5ffa0{\n-webkit-border-radius:0px 0px 0px 0px;\n-moz-border-radius:0px 0px 0px 0px;\nborder-radius:0px 0px 0px 0px;\npadding:0px 0px 0px 0px;\n}\n<\/style>\n<div class='flex_column av-2pcamb-90cd94ac8020939e3892503ddde5ffa0 av_two_third  avia-builder-el-44  el_after_av_one_third  el_before_av_one_full  flex_column_div av-zero-column-padding column-top-margin'     ><section  class='av_textblock_section av-l1iayswe-ff64674d3ab070f152ae9b30a835d905'  itemscope=\"itemscope\" itemtype=\"https:\/\/schema.org\/CreativeWork\" ><div class='avia_textblock'  itemprop=\"text\" ><p>Die Villa H\u00fcgel ist ein Einfamilienhaus &#8211; so steht es im Grundbuch der Stadt Essen. Die Villa mit ihren 269 Zimmern und 8.100 Quadratmetern Wohn- und Nutzfl\u00e4che ist mehr als ein Unternehmerwohnsitz &#8211; sie ist ein Symbol der Industrialisierung Deutschlands. Diese Villa mit einer F\u00fchrung zu erleben, lie\u00dfen sich 55 Mitglieder des Heimatvereins nicht nehmen.<br \/>\nStilgerecht f\u00fcr das Ruhrgebiet wurde das Mittagessen eingenommen in der &#8222;Dampfe &#8211; das Borbecker Brauhaus, der ehemaligen STERN und Dampf-Bierbrauerei von 1896.<br \/>\nAbgeschlossen wurde diese Tagestour mit einer Hafenrundfahrt incl. Kaffee und Kuchen durch den Duisburger Binnenhafen, der mit seinen Anlagen als gr\u00f6\u00dfter Binnenhafen der Welt gilt. Mitten im Ruhrgebiet lagen imposante Schiffe vor Anker und warteten auf die n\u00e4chste Tour \u00fcber die Meere der Welt.<\/p>\n<\/div><\/section><\/div>\n\n<style type=\"text\/css\" data-created_by=\"avia_inline_auto\" id=\"style-css-av-q5x8z-c1c887910e09d991f209c0c6c6e996b3\">\n.flex_column.av-q5x8z-c1c887910e09d991f209c0c6c6e996b3{\n-webkit-border-radius:0px 0px 0px 0px;\n-moz-border-radius:0px 0px 0px 0px;\nborder-radius:0px 0px 0px 0px;\npadding:0px 0px 0px 0px;\n}\n<\/style>\n<div class='flex_column av-q5x8z-c1c887910e09d991f209c0c6c6e996b3 av_one_full  avia-builder-el-46  el_after_av_two_third  el_before_av_one_third  first flex_column_div av-zero-column-padding column-top-margin'     ><section  class='av_textblock_section av-l13x1e5e-dd203bbc753a42b1eb4d95758c6e1931'  itemscope=\"itemscope\" itemtype=\"https:\/\/schema.org\/CreativeWork\" ><div class='avia_textblock'  itemprop=\"text\" ><h2>11.03.2018: Dat Geld ligg up de Bank (Das Geld liegt auf der Bank)<\/h2>\n<\/div><\/section><\/div>\n\n<style type=\"text\/css\" data-created_by=\"avia_inline_auto\" id=\"style-css-av-3j9db7-4833b96714a0bc5b91fcfe8e8258259b\">\n.flex_column.av-3j9db7-4833b96714a0bc5b91fcfe8e8258259b{\n-webkit-border-radius:0px 0px 0px 0px;\n-moz-border-radius:0px 0px 0px 0px;\nborder-radius:0px 0px 0px 0px;\npadding:0px 0px 0px 0px;\n}\n<\/style>\n<div class='flex_column av-3j9db7-4833b96714a0bc5b91fcfe8e8258259b av_one_third  avia-builder-el-48  el_after_av_one_full  el_before_av_two_third  first flex_column_div av-zero-column-padding column-top-margin'     ><style type=\"text\/css\" data-created_by=\"avia_inline_auto\" id=\"style-css-av-3dbedn-f777c1605e4f0bfc51217641da478ec0\">\n.avia-image-container.av-3dbedn-f777c1605e4f0bfc51217641da478ec0 img.avia_image{\nbox-shadow:none;\n}\n.avia-image-container.av-3dbedn-f777c1605e4f0bfc51217641da478ec0 .av-image-caption-overlay-center{\ncolor:#ffffff;\n}\n<\/style>\n<div  class='avia-image-container av-3dbedn-f777c1605e4f0bfc51217641da478ec0 av-styling- av-hover-grow avia-align-center  avia-builder-el-49  avia-builder-el-no-sibling '   itemprop=\"image\" itemscope=\"itemscope\" itemtype=\"https:\/\/schema.org\/ImageObject\" ><div class=\"avia-image-container-inner\"><div class=\"avia-image-overlay-wrap\"><a href=\"http:\/\/www.heimatverein-suedlohn.de\/wp-content\/uploads\/2022\/03\/11.03.2018-1030x579.jpg\" data-srcset=\"http:\/\/www.heimatverein-suedlohn.de\/wp-content\/uploads\/2022\/03\/11.03.2018-1030x579.jpg 1030w, http:\/\/www.heimatverein-suedlohn.de\/wp-content\/uploads\/2022\/03\/11.03.2018-300x169.jpg 300w, http:\/\/www.heimatverein-suedlohn.de\/wp-content\/uploads\/2022\/03\/11.03.2018-768x432.jpg 768w, http:\/\/www.heimatverein-suedlohn.de\/wp-content\/uploads\/2022\/03\/11.03.2018-1536x864.jpg 1536w, http:\/\/www.heimatverein-suedlohn.de\/wp-content\/uploads\/2022\/03\/11.03.2018-2048x1152.jpg 2048w, http:\/\/www.heimatverein-suedlohn.de\/wp-content\/uploads\/2022\/03\/11.03.2018-1500x844.jpg 1500w, http:\/\/www.heimatverein-suedlohn.de\/wp-content\/uploads\/2022\/03\/11.03.2018-705x397.jpg 705w\" data-sizes=\"(max-width: 1030px) 100vw, 1030px\" class='avia_image' ><img decoding=\"async\" class='wp-image-6448 avia-img-lazy-loading-not-6448 avia_image ' src=\"http:\/\/www.heimatverein-suedlohn.de\/wp-content\/uploads\/2022\/03\/11.03.2018-495x400.jpg\" alt='' title='11.03.2018'  height=\"400\" width=\"495\"  itemprop=\"thumbnailUrl\" srcset=\"http:\/\/www.heimatverein-suedlohn.de\/wp-content\/uploads\/2022\/03\/11.03.2018-495x400.jpg 495w, http:\/\/www.heimatverein-suedlohn.de\/wp-content\/uploads\/2022\/03\/11.03.2018-845x684.jpg 845w\" sizes=\"(max-width: 495px) 100vw, 495px\" \/><\/a><\/div><\/div><\/div><\/div>\n\n<style type=\"text\/css\" data-created_by=\"avia_inline_auto\" id=\"style-css-av-385kkb-5e4ce3f412b1704243584fe09e7d4145\">\n.flex_column.av-385kkb-5e4ce3f412b1704243584fe09e7d4145{\n-webkit-border-radius:0px 0px 0px 0px;\n-moz-border-radius:0px 0px 0px 0px;\nborder-radius:0px 0px 0px 0px;\npadding:0px 0px 0px 0px;\n}\n<\/style>\n<div class='flex_column av-385kkb-5e4ce3f412b1704243584fe09e7d4145 av_two_third  avia-builder-el-50  el_after_av_one_third  el_before_av_one_full  flex_column_div av-zero-column-padding column-top-margin'     ><section  class='av_textblock_section av-l1iazhkw-cd219280a7fa00d20682ad555f4f3928'  itemscope=\"itemscope\" itemtype=\"https:\/\/schema.org\/CreativeWork\" ><div class='avia_textblock'  itemprop=\"text\" ><p>Tresorknacker aus Leidenschaft konnte die S\u00fcdlohner Gruppe der Heimatfreunde beim Besuch der Niederdeutschen B\u00fchne in M\u00fcnster erleben. Der k\u00fchne Gustav zieht mit seinen beiden S\u00f6hnen auf Diebestour &#8211; diese Kom\u00f6die von Curt Flatow war eine Reise nach M\u00fcnster wert.<br \/>\nVor dem Theaterbesuch wurde Kaffee und Kuchen genossen, dieses Jahr im &#8222;Landhaus Cafe&#8220; in Coesfeld-Stevede.<\/p>\n<\/div><\/section><\/div>\n\n<style type=\"text\/css\" data-created_by=\"avia_inline_auto\" id=\"style-css-av-njm6r-9d226aa5378266368ae5da7aa8136024\">\n.flex_column.av-njm6r-9d226aa5378266368ae5da7aa8136024{\n-webkit-border-radius:0px 0px 0px 0px;\n-moz-border-radius:0px 0px 0px 0px;\nborder-radius:0px 0px 0px 0px;\npadding:0px 0px 0px 0px;\n}\n<\/style>\n<div class='flex_column av-njm6r-9d226aa5378266368ae5da7aa8136024 av_one_full  avia-builder-el-52  el_after_av_two_third  el_before_av_one_third  first flex_column_div av-zero-column-padding column-top-margin'     ><section  class='av_textblock_section av-l13x0ut8-3c625d7d45862910f62509bbc9fb91cd'  itemscope=\"itemscope\" itemtype=\"https:\/\/schema.org\/CreativeWork\" ><div class='avia_textblock'  itemprop=\"text\" ><h2>06.09.2017: Emsland erleben im Moor und auf der Ems<\/h2>\n<\/div><\/section><\/div>\n\n<style type=\"text\/css\" data-created_by=\"avia_inline_auto\" id=\"style-css-av-ersl7-633ae4e263b419897d267cbfa116cfa9\">\n.flex_column.av-ersl7-633ae4e263b419897d267cbfa116cfa9{\n-webkit-border-radius:0px 0px 0px 0px;\n-moz-border-radius:0px 0px 0px 0px;\nborder-radius:0px 0px 0px 0px;\npadding:0px 0px 0px 0px;\n}\n<\/style>\n<div class='flex_column av-ersl7-633ae4e263b419897d267cbfa116cfa9 av_one_third  avia-builder-el-54  el_after_av_one_full  el_before_av_two_third  first flex_column_div av-zero-column-padding column-top-margin'     ><style type=\"text\/css\" data-created_by=\"avia_inline_auto\" id=\"style-css-av-3ww3z7-5a89aa49918936640190671cf043b329\">\n.avia-image-container.av-3ww3z7-5a89aa49918936640190671cf043b329 img.avia_image{\nbox-shadow:none;\n}\n.avia-image-container.av-3ww3z7-5a89aa49918936640190671cf043b329 .av-image-caption-overlay-center{\ncolor:#ffffff;\n}\n<\/style>\n<div  class='avia-image-container av-3ww3z7-5a89aa49918936640190671cf043b329 av-styling- av-hover-grow avia-align-center  avia-builder-el-55  avia-builder-el-no-sibling '   itemprop=\"image\" itemscope=\"itemscope\" itemtype=\"https:\/\/schema.org\/ImageObject\" ><div class=\"avia-image-container-inner\"><div class=\"avia-image-overlay-wrap\"><a href=\"http:\/\/www.heimatverein-suedlohn.de\/wp-content\/uploads\/2022\/03\/06.09.2017-Emsland-1030x773.jpg\" data-srcset=\"http:\/\/www.heimatverein-suedlohn.de\/wp-content\/uploads\/2022\/03\/06.09.2017-Emsland-1030x773.jpg 1030w, http:\/\/www.heimatverein-suedlohn.de\/wp-content\/uploads\/2022\/03\/06.09.2017-Emsland-300x225.jpg 300w, http:\/\/www.heimatverein-suedlohn.de\/wp-content\/uploads\/2022\/03\/06.09.2017-Emsland-768x576.jpg 768w, http:\/\/www.heimatverein-suedlohn.de\/wp-content\/uploads\/2022\/03\/06.09.2017-Emsland-1536x1152.jpg 1536w, http:\/\/www.heimatverein-suedlohn.de\/wp-content\/uploads\/2022\/03\/06.09.2017-Emsland-2048x1536.jpg 2048w, http:\/\/www.heimatverein-suedlohn.de\/wp-content\/uploads\/2022\/03\/06.09.2017-Emsland-1500x1125.jpg 1500w, http:\/\/www.heimatverein-suedlohn.de\/wp-content\/uploads\/2022\/03\/06.09.2017-Emsland-705x529.jpg 705w\" data-sizes=\"(max-width: 1030px) 100vw, 1030px\" class='avia_image' ><img decoding=\"async\" class='wp-image-6445 avia-img-lazy-loading-not-6445 avia_image ' src=\"http:\/\/www.heimatverein-suedlohn.de\/wp-content\/uploads\/2022\/03\/06.09.2017-Emsland-495x400.jpg\" alt='' title='06.09.2017 - Emsland'  height=\"400\" width=\"495\"  itemprop=\"thumbnailUrl\" srcset=\"http:\/\/www.heimatverein-suedlohn.de\/wp-content\/uploads\/2022\/03\/06.09.2017-Emsland-495x400.jpg 495w, http:\/\/www.heimatverein-suedlohn.de\/wp-content\/uploads\/2022\/03\/06.09.2017-Emsland-845x684.jpg 845w\" sizes=\"(max-width: 495px) 100vw, 495px\" \/><\/a><\/div><\/div><\/div><\/div>\n\n<style type=\"text\/css\" data-created_by=\"avia_inline_auto\" id=\"style-css-av-3ntj17-90c2a93700d024e37c15279c6358ed05\">\n.flex_column.av-3ntj17-90c2a93700d024e37c15279c6358ed05{\n-webkit-border-radius:0px 0px 0px 0px;\n-moz-border-radius:0px 0px 0px 0px;\nborder-radius:0px 0px 0px 0px;\npadding:0px 0px 0px 0px;\n}\n<\/style>\n<div class='flex_column av-3ntj17-90c2a93700d024e37c15279c6358ed05 av_two_third  avia-builder-el-56  el_after_av_one_third  el_before_av_one_full  flex_column_div av-zero-column-padding column-top-margin'     ><section  class='av_textblock_section av-l1ib02ai-1b4a2b4cf879b6ab1f1f077941dda50a'  itemscope=\"itemscope\" itemtype=\"https:\/\/schema.org\/CreativeWork\" ><div class='avia_textblock'  itemprop=\"text\" ><p>Das Emsland ist von S\u00fcdlohn aus \u00fcber die A 31 schnell zu erreichen. Der Reisebus braucht nur eine gute Stunde, um das Ziel des &#8222;Emsland Moormuseums&#8220; im Naturpark Bourtanger Moor zu erreichen. Die Museumsf\u00fchrung in zwei Hallen zeigt die Kulturgeschichte der Landschaft Moor.<br \/>\nDer anschlie\u00dfende Besuch im Wallfahrtsort Wietmarschen wurde genutzt, um die neue Marienkapelle im hinteren Teil der Pfarr- und Wallfahrtskirche St. Johannes Apostel zu besuchen. Nach Pl\u00e4nen von Herrn Architekt Tobias Klodwig aus M\u00fcnster ist eine einzigartige Raum-in-Raum-L\u00f6sung entstanden. Der \u00f6rtliche Pfarrer lie\u00df es sich nicht nehmen, die Geschichte des Wallfahrtsortes und der Kirche selbst zu erl\u00e4utern.<br \/>\nDas Mittagessen wurde eingenommen in der Gastst\u00e4tte Heilemann in Wietmarschen. Nach dem Genuss des Schnitzelbuffets hie\u00df es &#8222;Anker lichten &#8211; Leinen los&#8220; zu einer Fahrt auf der Ems mit dem Fahrgastschiff &#8222;Stadt Lingen&#8220;. Kaffee und Kuchen wurde auf der beeindruckenden Flusslandschaft der Ems genossen.<\/p>\n<\/div><\/section><\/div>\n\n<style type=\"text\/css\" data-created_by=\"avia_inline_auto\" id=\"style-css-av-gt0e3-e9bfe45ee8097265743cecbb345de33e\">\n.flex_column.av-gt0e3-e9bfe45ee8097265743cecbb345de33e{\n-webkit-border-radius:0px 0px 0px 0px;\n-moz-border-radius:0px 0px 0px 0px;\nborder-radius:0px 0px 0px 0px;\npadding:0px 0px 0px 0px;\n}\n<\/style>\n<div class='flex_column av-gt0e3-e9bfe45ee8097265743cecbb345de33e av_one_full  avia-builder-el-58  el_after_av_two_third  el_before_av_one_third  first flex_column_div av-zero-column-padding column-top-margin'     ><section  class='av_textblock_section av-870o3-64c5c295333f5214be0a9ce974450350'  itemscope=\"itemscope\" itemtype=\"https:\/\/schema.org\/CreativeWork\" ><div class='avia_textblock'  itemprop=\"text\" ><h2>05.03.2017: Kriminalkom\u00f6die vom Feinsten<\/h2>\n<\/div><\/section><\/div>\n\n<style type=\"text\/css\" data-created_by=\"avia_inline_auto\" id=\"style-css-av-d0kcr-b2fbf4ff63ecd9ded92e433af91e2ae0\">\n.flex_column.av-d0kcr-b2fbf4ff63ecd9ded92e433af91e2ae0{\n-webkit-border-radius:0px 0px 0px 0px;\n-moz-border-radius:0px 0px 0px 0px;\nborder-radius:0px 0px 0px 0px;\npadding:0px 0px 0px 0px;\n}\n<\/style>\n<div class='flex_column av-d0kcr-b2fbf4ff63ecd9ded92e433af91e2ae0 av_one_third  avia-builder-el-60  el_after_av_one_full  el_before_av_two_third  first flex_column_div av-zero-column-padding column-top-margin'     ><style type=\"text\/css\" data-created_by=\"avia_inline_auto\" id=\"style-css-av-l13wtbrp-1f777b76d5d2a4f78f12966674f60170\">\n.avia-image-container.av-l13wtbrp-1f777b76d5d2a4f78f12966674f60170 img.avia_image{\nbox-shadow:none;\n}\n.avia-image-container.av-l13wtbrp-1f777b76d5d2a4f78f12966674f60170 .av-image-caption-overlay-center{\ncolor:#ffffff;\n}\n<\/style>\n<div  class='avia-image-container av-l13wtbrp-1f777b76d5d2a4f78f12966674f60170 av-styling- av-hover-grow avia-align-center  avia-builder-el-61  avia-builder-el-no-sibling '   itemprop=\"image\" itemscope=\"itemscope\" itemtype=\"https:\/\/schema.org\/ImageObject\" ><div class=\"avia-image-container-inner\"><div class=\"avia-image-overlay-wrap\"><a href=\"http:\/\/www.heimatverein-suedlohn.de\/wp-content\/uploads\/2022\/03\/05.03.2017-Kriminalkomoedie-1030x773.jpg\" data-srcset=\"http:\/\/www.heimatverein-suedlohn.de\/wp-content\/uploads\/2022\/03\/05.03.2017-Kriminalkomoedie-1030x773.jpg 1030w, http:\/\/www.heimatverein-suedlohn.de\/wp-content\/uploads\/2022\/03\/05.03.2017-Kriminalkomoedie-300x225.jpg 300w, http:\/\/www.heimatverein-suedlohn.de\/wp-content\/uploads\/2022\/03\/05.03.2017-Kriminalkomoedie-768x576.jpg 768w, http:\/\/www.heimatverein-suedlohn.de\/wp-content\/uploads\/2022\/03\/05.03.2017-Kriminalkomoedie-1536x1152.jpg 1536w, http:\/\/www.heimatverein-suedlohn.de\/wp-content\/uploads\/2022\/03\/05.03.2017-Kriminalkomoedie-2048x1536.jpg 2048w, http:\/\/www.heimatverein-suedlohn.de\/wp-content\/uploads\/2022\/03\/05.03.2017-Kriminalkomoedie-1500x1125.jpg 1500w, http:\/\/www.heimatverein-suedlohn.de\/wp-content\/uploads\/2022\/03\/05.03.2017-Kriminalkomoedie-705x529.jpg 705w\" data-sizes=\"(max-width: 1030px) 100vw, 1030px\" class='avia_image' ><img decoding=\"async\" class='wp-image-6444 avia-img-lazy-loading-not-6444 avia_image ' src=\"http:\/\/www.heimatverein-suedlohn.de\/wp-content\/uploads\/2022\/03\/05.03.2017-Kriminalkomoedie-495x400.jpg\" alt='' title='05.03.2017 - Kriminalkom\u00f6die'  height=\"400\" width=\"495\"  itemprop=\"thumbnailUrl\" srcset=\"http:\/\/www.heimatverein-suedlohn.de\/wp-content\/uploads\/2022\/03\/05.03.2017-Kriminalkomoedie-495x400.jpg 495w, http:\/\/www.heimatverein-suedlohn.de\/wp-content\/uploads\/2022\/03\/05.03.2017-Kriminalkomoedie-845x684.jpg 845w\" sizes=\"(max-width: 495px) 100vw, 495px\" \/><\/a><\/div><\/div><\/div><\/div>\n\n<style type=\"text\/css\" data-created_by=\"avia_inline_auto\" id=\"style-css-av-fy26z-364738b162404e92c74ddb8601293a3f\">\n.flex_column.av-fy26z-364738b162404e92c74ddb8601293a3f{\n-webkit-border-radius:0px 0px 0px 0px;\n-moz-border-radius:0px 0px 0px 0px;\nborder-radius:0px 0px 0px 0px;\npadding:0px 0px 0px 0px;\n}\n<\/style>\n<div class='flex_column av-fy26z-364738b162404e92c74ddb8601293a3f av_two_third  avia-builder-el-62  el_after_av_one_third  el_before_av_one_full  flex_column_div av-zero-column-padding column-top-margin'     ><section  class='av_textblock_section av-l1ib0n6b-6ee0653004d5fea998540401c3587959'  itemscope=\"itemscope\" itemtype=\"https:\/\/schema.org\/CreativeWork\" ><div class='avia_textblock'  itemprop=\"text\" ><p>Der Besuch der Niederdeutschen B\u00fchne in M\u00fcnster ist immer wieder ein Erlebnis. Auf dem Programm stand die Kriminalkom\u00f6die &#8222;Acht Fraul\u00fc\u00fc&#8220;. Das von Hans Demming ins M\u00fcnsterl\u00e4nder Platt \u00fcbertragende St\u00fcck war vielen Heimatfreunden bekannt durch eine Verfilmung unter dem Titel &#8222;Acht Frauen&#8220;. Auf dem Weg nach M\u00fcnster wurde in Havixbeck im Caf\u00e9 Rosengarten &#8211; in der Nachbarschaft der Brauerei Klute &#8211; eine Kaffeepause eingelegt. Das kleine Caf\u00e9 begeistert immer wieder durch die individuelle Einrichtung und hausgemachten Kuchen.<\/p>\n<\/div><\/section><\/div>\n\n<style type=\"text\/css\" data-created_by=\"avia_inline_auto\" id=\"style-css-av-7c4sb-a8a28676df6cf81e2ca4e18f27211c86\">\n.flex_column.av-7c4sb-a8a28676df6cf81e2ca4e18f27211c86{\n-webkit-border-radius:0px 0px 0px 0px;\n-moz-border-radius:0px 0px 0px 0px;\nborder-radius:0px 0px 0px 0px;\npadding:0px 0px 0px 0px;\n}\n<\/style>\n<div class='flex_column av-7c4sb-a8a28676df6cf81e2ca4e18f27211c86 av_one_full  avia-builder-el-64  el_after_av_two_third  el_before_av_one_third  first flex_column_div av-zero-column-padding column-top-margin'     ><section  class='av_textblock_section av-l0xnjtok-f93e1d514f2af3ff38f87d492e5742e8'  itemscope=\"itemscope\" itemtype=\"https:\/\/schema.org\/CreativeWork\" ><div class='avia_textblock'  itemprop=\"text\" ><h2>07.09.2016: Tagesfahrt nach Bonn<\/h2>\n<\/div><\/section><\/div>\n\n<style type=\"text\/css\" data-created_by=\"avia_inline_auto\" id=\"style-css-av-xgz5n-74f268a00c599b38fbddddac16fbeaf7\">\n.flex_column.av-xgz5n-74f268a00c599b38fbddddac16fbeaf7{\n-webkit-border-radius:0px 0px 0px 0px;\n-moz-border-radius:0px 0px 0px 0px;\nborder-radius:0px 0px 0px 0px;\npadding:0px 0px 0px 0px;\n}\n<\/style>\n<div class='flex_column av-xgz5n-74f268a00c599b38fbddddac16fbeaf7 av_one_third  avia-builder-el-66  el_after_av_one_full  el_before_av_two_third  first flex_column_div av-zero-column-padding column-top-margin'     ><div  class='avia-slideshow av-l13xk4zy-e7959e3be1b234133ffb9bd16d66426b avia-slideshow-portfolio av_slideshow avia-slide-slider  avia-builder-el-67  avia-builder-el-no-sibling  av-slideshow-ui av-control-default av-slideshow-autoplay av-loop-endless av-loop-manual-endless av-default-height-applied avia-slideshow-2' data-slideshow-options=\"{&quot;animation&quot;:&quot;slide&quot;,&quot;autoplay&quot;:true,&quot;loop_autoplay&quot;:&quot;endless&quot;,&quot;interval&quot;:5,&quot;loop_manual&quot;:&quot;manual-endless&quot;,&quot;autoplay_stopper&quot;:false,&quot;noNavigation&quot;:false,&quot;bg_slider&quot;:false,&quot;keep_padding&quot;:false,&quot;hoverpause&quot;:false,&quot;show_slide_delay&quot;:0}\"  itemprop=\"image\" itemscope=\"itemscope\" itemtype=\"https:\/\/schema.org\/ImageObject\" ><ul class='avia-slideshow-inner ' style='padding-bottom: 80.808080808081%;'><li  class='avia-slideshow-slide av-l13xk4zy-e7959e3be1b234133ffb9bd16d66426b__0  slide-1 slide-odd'><div data-rel='slideshow-2' class='avia-slide-wrap '   ><img decoding=\"async\" class=\"wp-image-6446 avia-img-lazy-loading-not-6446\"  src=\"http:\/\/www.heimatverein-suedlohn.de\/wp-content\/uploads\/2022\/03\/07.09.2016-1-495x400.jpg\" width=\"495\" height=\"400\" title='07.09.2016 - 1' alt=''  itemprop=\"thumbnailUrl\" srcset=\"http:\/\/www.heimatverein-suedlohn.de\/wp-content\/uploads\/2022\/03\/07.09.2016-1-495x400.jpg 495w, http:\/\/www.heimatverein-suedlohn.de\/wp-content\/uploads\/2022\/03\/07.09.2016-1-845x684.jpg 845w\" sizes=\"(max-width: 495px) 100vw, 495px\" \/><\/div><\/li><li  class='avia-slideshow-slide av-l13xk4zy-e7959e3be1b234133ffb9bd16d66426b__1  slide-2 slide-even'><div data-rel='slideshow-2' class='avia-slide-wrap '   ><img decoding=\"async\" class=\"wp-image-6447 avia-img-lazy-loading-not-6447\"  src=\"http:\/\/www.heimatverein-suedlohn.de\/wp-content\/uploads\/2022\/03\/07.09.2016-2-495x400.jpg\" width=\"495\" height=\"400\" title='07.09.2016 - 2' alt=''  itemprop=\"thumbnailUrl\" srcset=\"http:\/\/www.heimatverein-suedlohn.de\/wp-content\/uploads\/2022\/03\/07.09.2016-2-495x400.jpg 495w, http:\/\/www.heimatverein-suedlohn.de\/wp-content\/uploads\/2022\/03\/07.09.2016-2-845x684.jpg 845w\" sizes=\"(max-width: 495px) 100vw, 495px\" \/><\/div><\/li><\/ul><div class='avia-slideshow-arrows avia-slideshow-controls' ><a href='#prev' class='prev-slide ' aria-hidden='true' data-av_icon='\ue87c' data-av_iconfont='entypo-fontello'  tabindex='-1'>Zur\u00fcck<\/a><a href='#next' class='next-slide ' aria-hidden='true' data-av_icon='\ue87d' data-av_iconfont='entypo-fontello'  tabindex='-1'>Weiter<\/a><\/div><div class='avia-slideshow-dots avia-slideshow-controls'><a href='#1' class='goto-slide active' >1<\/a><a href='#2' class='goto-slide ' >2<\/a><\/div><\/div><\/div>\n\n<style type=\"text\/css\" data-created_by=\"avia_inline_auto\" id=\"style-css-av-8uicj-39817dd81e83350391cd71429d68d417\">\n.flex_column.av-8uicj-39817dd81e83350391cd71429d68d417{\n-webkit-border-radius:0px 0px 0px 0px;\n-moz-border-radius:0px 0px 0px 0px;\nborder-radius:0px 0px 0px 0px;\npadding:0px 0px 0px 0px;\n}\n<\/style>\n<div class='flex_column av-8uicj-39817dd81e83350391cd71429d68d417 av_two_third  avia-builder-el-68  el_after_av_one_third  el_before_av_one_full  flex_column_div av-zero-column-padding column-top-margin'     ><section  class='av_textblock_section av-l1ib1ss0-b05626fd249fc46df24c44cfe4043178'  itemscope=\"itemscope\" itemtype=\"https:\/\/schema.org\/CreativeWork\" ><div class='avia_textblock'  itemprop=\"text\" ><p>Das &#8222;Haus der Geschichte&#8220; in Bonn war Ziel dieser Tagesreise. Erlebnisorientiert wird die deutsche Geschichte von der Nachkriegszeit bis zur Gegenwart dargestellt. Nach dem Besuch dieses einzigartigen Museums begeisterte eine Panoramafahrt auf dem Rhein zwischen Bonn, K\u00f6nigswinter und Linz. Es ist eine der sch\u00f6nsten Stromabschnitte, erlebt wurde eine der bedeutendsten Kulturlandschaften. Die Pause in Linz wurde genutzt um vertr\u00e4umte Winkel &amp; Gassen, farbenfrohe Fachwerkbauten und gem\u00fctliche Pl\u00e4tze zu erkunden.<\/p>\n<\/div><\/section><\/div>\n\n<style type=\"text\/css\" data-created_by=\"avia_inline_auto\" id=\"style-css-av-fhccb-e0d38bfeae875e5ec41045e6fedc596c\">\n.flex_column.av-fhccb-e0d38bfeae875e5ec41045e6fedc596c{\n-webkit-border-radius:0px 0px 0px 0px;\n-moz-border-radius:0px 0px 0px 0px;\nborder-radius:0px 0px 0px 0px;\npadding:0px 0px 0px 0px;\n}\n<\/style>\n<div class='flex_column av-fhccb-e0d38bfeae875e5ec41045e6fedc596c av_one_full  avia-builder-el-70  el_after_av_two_third  el_before_av_one_full  first flex_column_div av-zero-column-padding column-top-margin'     ><section  class='av_textblock_section av-l1i8icg2-613f8f58bb542f8d47fc3881fb427ffd'  itemscope=\"itemscope\" itemtype=\"https:\/\/schema.org\/CreativeWork\" ><div class='avia_textblock'  itemprop=\"text\" ><h2>06.03.2016: Theater kann auch anders sein<\/h2>\n<p><b>Plattdeutsche Sozialkom\u00f6die der Niederdeutschen B\u00fchne<\/b><\/p>\n<div>\n<div style=\"text-align: justify;\">\n<p><a title=\"Die Gruppe des S\u00fcdlohner Heimatvereins vor dem idyllisch gelegenen Landhotel Waldschl\u00f6sschen in Laer. Ein Zwischenstopp mit Kaffee und Kuchen auf dem Weg zum Theater geh\u00f6rt zum Programm.\" href=\"http:\/\/www.heimatverein-suedlohn.de\/media\/aktuelles\/bildungsreisen\/5.jpg\"><img loading=\"lazy\" decoding=\"async\" class=\"alignleft\" src=\"http:\/\/www.heimatverein-suedlohn.de\/media\/aktuelles\/bildungsreisen\/5.jpg\" alt=\"\" width=\"300\" height=\"225\" align=\"left\" border=\"0\" hspace=\"10\" vspace=\"10\" \/><\/a><\/p>\n<\/div>\n<\/div>\n<div><b>\u00a0<\/b><\/div>\n<div>Einen der ber\u00fchmtesten Kom\u00f6dienklassikern von Moli\u00e8re hatte Doris Bennemann f\u00fcr den Theaterbesuch in M\u00fcnster ausgesucht: &#8222;Der eingebildete Kranke&#8220;, eine Produktion der Niederdeutschen B\u00fchne am Theater M\u00fcnster.\u00a0 43 Mitglieder des S\u00fcdlohner Heimatvereins erlebten diese Kom\u00f6die nach einem Zwischenstopp im Stevertal.<\/div>\n<div><\/div>\n<div>Hannes Demming hat die Kom\u00f6die mit dem Titel &#8222;Malatt in&#8217;n Kopp of de Hypochonder&#8220; ins westf\u00e4lische Platt \u00fcbersetzt und spielte selbst die Hauptrolle. Die Handlung wurde ins M\u00fcnster des 17. Jahrhunderts verlegt. Gisbert van Boland, ein reicher Kaufmann, bildet sich ein, krank zu sein. Er besch\u00e4ftigt nicht nur viele \u00c4rzte und Apotheker, sondern m\u00f6chte auch seine Tochter gegen ihren Willen mit einem Arzt verheiraten. Mit Hilfe des Dienstm\u00e4dchens Mimi erh\u00e4lt sie am Ende doch den richtigen Mann und Gisbert van Boland werden in vielfacher Hinsicht die Augen ge\u00f6ffnet.<\/div>\n<div><\/div>\n<div>So erlebten die Zuschauer eine turbulente Kom\u00f6die rund um die angebliche Krankengeschichte des Hauptdarstellers. Nach zweieinhalb Stunden gab es viel Applaus f\u00fcr das gesamte Ensemble.<\/div>\n<\/div><\/section><\/div>\n\n<style type=\"text\/css\" data-created_by=\"avia_inline_auto\" id=\"style-css-av-jt0ib-dffb69a295d0e1d681a75474081e9438\">\n.flex_column.av-jt0ib-dffb69a295d0e1d681a75474081e9438{\n-webkit-border-radius:0px 0px 0px 0px;\n-moz-border-radius:0px 0px 0px 0px;\nborder-radius:0px 0px 0px 0px;\npadding:0px 0px 0px 0px;\n}\n<\/style>\n<div class='flex_column av-jt0ib-dffb69a295d0e1d681a75474081e9438 av_one_full  avia-builder-el-72  el_after_av_one_full  el_before_av_one_full  first flex_column_div av-zero-column-padding column-top-margin'     ><section  class='av_textblock_section av-l1i8dje4-24a00070b888969e9a1f6b4fbf27357a'  itemscope=\"itemscope\" itemtype=\"https:\/\/schema.org\/CreativeWork\" ><div class='avia_textblock'  itemprop=\"text\" ><h2>21.02.2015: Eingebildeten Kranken erlebt<\/h2>\n<div>\n<div style=\"text-align: justify;\">\n<p><a title=\"Die Reisegruppe des Heimatvereins S\u00fcdlohn vor dem Gasthaus Stevertal\" href=\"http:\/\/www.heimatverein-suedlohn.de\/media\/aktuelles\/bildungsreisen\/kranken.jpg\"><img loading=\"lazy\" decoding=\"async\" class=\"alignleft\" src=\"http:\/\/www.heimatverein-suedlohn.de\/media\/aktuelles\/bildungsreisen\/kranken.jpg\" alt=\"\" width=\"300\" height=\"225\" align=\"left\" border=\"0\" hspace=\"10\" vspace=\"10\" \/><\/a><\/p>\n<\/div>\n<\/div>\n<div>Einen der ber\u00fchmtesten Kom\u00f6dienklassikern von Moli\u00e8re hatte Doris Bennemann f\u00fcr den Theaterbesuch in M\u00fcnster ausgesucht: &#8222;Der eingebildete Kranke&#8220;, eine Produktion der Niederdeutschen B\u00fchne am Theater M\u00fcnster.\u00a0 43 Mitglieder des S\u00fcdlohner Heimatvereins erlebten diese Kom\u00f6die nach einem Zwischenstopp im Stevertal.<\/div>\n<div><\/div>\n<div>Hannes Demming hat die Kom\u00f6die mit dem Titel &#8222;Malatt in&#8217;n Kopp of de Hypochonder&#8220; ins westf\u00e4lische Platt \u00fcbersetzt und spielte selbst die Hauptrolle. Die Handlung wurde ins M\u00fcnster des 17. Jahrhunderts verlegt. Gisbert van Boland, ein reicher Kaufmann, bildet sich ein, krank zu sein. Er besch\u00e4ftigt nicht nur viele \u00c4rzte und Apotheker, sondern m\u00f6chte auch seine Tochter gegen ihren Willen mit einem Arzt verheiraten. Mit Hilfe des Dienstm\u00e4dchens Mimi erh\u00e4lt sie am Ende doch den richtigen Mann und Gisbert van Boland werden in vielfacher Hinsicht die Augen ge\u00f6ffnet.<\/div>\n<div><\/div>\n<div>So erlebten die Zuschauer eine turbulente Kom\u00f6die rund um die angebliche Krankengeschichte des Hauptdarstellers. Nach zweieinhalb Stunden gab es viel Applaus f\u00fcr das gesamte Ensemble.<\/div>\n<div style=\"text-align: justify;\"><\/div>\n<hr \/>\n<h2 style=\"text-align: justify;\"><b>09.09.2015:\u00a0<\/b><b>M\u00fcnsterland gr\u00fc\u00dft Sauerland<\/b><\/h2>\n<div>\n<div style=\"text-align: justify;\">\n<p><a title=\"Wolfgang Kraft f\u00fchrt durch die historische Innenstadt von Brilon\" href=\"http:\/\/www.heimatverein-suedlohn.de\/media\/aktuelles\/bildungsreisen\/s1.jpg\"><img loading=\"lazy\" decoding=\"async\" class=\"alignleft\" src=\"http:\/\/www.heimatverein-suedlohn.de\/media\/aktuelles\/bildungsreisen\/s1.jpg\" alt=\"\" width=\"300\" height=\"225\" align=\"left\" border=\"0\" hspace=\"10\" vspace=\"10\" \/><\/a><\/p>\n<\/div>\n<\/div>\n<div>Unter diesem Motto fand unter Leitung von Doris Bennemann eine Tagesreise des Heimatvereins S\u00fcdlohn nach Brilon im Hochsauerland statt. 63 Mitglieder machten sich auf den Weg ins Sauerland, um einen Besuch des Briloner Heimatbundes SEMPER IDEM\u00a0 am\u00a0 20. Mai 2015 in S\u00fcdlohn zu erwidern.<\/div>\n<div><\/div>\n<div>Der Weg nach Brilon f\u00fchrte zun\u00e4chst in den Ortsteil Scharfenberg &#8211; der Heimat von Doris Bennemann. Nach Erl\u00e4uterung der prunkvollen im Barockstil erbauten St. Laurentius-Pfarrkirche durch Dietmar Bange, den stellvertretenden Vorsitzenden des Kirchenvorstandes, erkundete die S\u00fcdlohner Gruppe die Sch\u00fctzenhalle. Gerhard Aust, Ehrenoberst der St. Josef Sch\u00fctzenbruderschaft, berichtete \u00fcber das Scharfenberger Sch\u00fctzenwesen. Dabei wurden die Unterschiede zwischen den Scharfenberger und den S\u00fcdlohner \u00a0Sch\u00fctzenfesten herausgearbeitet. In Scharfenberg: keine Kutschen, kein Throngefolge, beschr\u00e4nkte Thronkapazit\u00e4t. Aber: Umzug aller Sch\u00fctzen mit wei\u00dfen \u00a0Hosen und schwarzem Jacket.<\/div>\n<p><i>\u00a0<\/i><\/p>\n<p><a style=\"text-align: justify;\" title=\"Die Reisegruppe des Heimatvereins S\u00fcdlohn auf den Stufen des \u00e4ltesten Rathauses Deutschlands\" href=\"http:\/\/www.heimatverein-suedlohn.de\/media\/aktuelles\/bildungsreisen\/s3.jpg\"><img loading=\"lazy\" decoding=\"async\" class=\"alignleft\" src=\"http:\/\/www.heimatverein-suedlohn.de\/media\/aktuelles\/bildungsreisen\/s3.jpg\" alt=\"\" width=\"300\" height=\"225\" align=\"left\" border=\"0\" hspace=\"10\" vspace=\"10\" \/><\/a><\/p>\n<p>F\u00fcr die Stadtf\u00fchrung in Brilon hatte Doris Bennemann ebenfalls engagierte G\u00e4stef\u00fchrer gewinnen k\u00f6nnen. Fasziniert war die Gruppe vom &#8222;Museum Haus H\u00f6vener&#8220;, der Vorsitzende Winfried Dickel erl\u00e4uterte die eindrucksvolle Geschichte des Hauses. Wolfgang Kraft, Mitarbeiter der VHS Brilon, \u00fcbernahm die Stadtf\u00fchrung und der Ehrenb\u00fcrgermeister Franz Schrewe die Stadtrundfahrt mit vielen interessanten Informationen \u00fcber Geschichte und Gegenwart der ehemaligen Hansestadt.<\/p>\n<p>Abschluss der Tour bildete stilgerechtes Kaffeetrinken in der Hiebammen-H\u00fctte, direkt am Rothaarsteig gelegen.<span style=\"text-align: justify;\">\u00a0<\/span><\/p>\n<p><a style=\"text-align: justify;\" title=\"Winfried Dickel, Vorsitzender des Briloner Heimatbundes-Semper Idem e.V., erl\u00e4utert die Geschichte des Hauses H\u00f6vener.\" href=\"http:\/\/www.heimatverein-suedlohn.de\/media\/aktuelles\/bildungsreisen\/s2.jpg\"><img loading=\"lazy\" decoding=\"async\" class=\"alignleft\" src=\"http:\/\/www.heimatverein-suedlohn.de\/media\/aktuelles\/bildungsreisen\/s2.jpg\" alt=\"\" width=\"300\" height=\"225\" align=\"left\" border=\"0\" hspace=\"10\" vspace=\"10\" \/><\/a><\/p>\n<p><a style=\"text-align: justify;\" title=\"Im Dialog vor der Hibammen-H\u00fctte: von links: Dietmar Bange und Winfried Dickel mit G\u00fcnter Schultz.\" href=\"http:\/\/www.heimatverein-suedlohn.de\/media\/aktuelles\/bildungsreisen\/s4.jpg\"><img loading=\"lazy\" decoding=\"async\" class=\"alignleft\" src=\"http:\/\/www.heimatverein-suedlohn.de\/media\/aktuelles\/bildungsreisen\/s4.jpg\" alt=\"\" width=\"300\" height=\"225\" align=\"left\" border=\"0\" hspace=\"10\" vspace=\"10\" \/><\/a><\/p>\n<div style=\"text-align: justify;\"><\/div>\n<\/div><\/section><\/div>\n\n<style type=\"text\/css\" data-created_by=\"avia_inline_auto\" id=\"style-css-av-2xglf-8b4ba2de87342e98c314c28283e3b246\">\n.flex_column.av-2xglf-8b4ba2de87342e98c314c28283e3b246{\n-webkit-border-radius:0px 0px 0px 0px;\n-moz-border-radius:0px 0px 0px 0px;\nborder-radius:0px 0px 0px 0px;\npadding:0px 0px 0px 0px;\n}\n<\/style>\n<div class='flex_column av-2xglf-8b4ba2de87342e98c314c28283e3b246 av_one_full  avia-builder-el-74  el_after_av_one_full  el_before_av_one_full  first flex_column_div av-zero-column-padding column-top-margin'     ><section  class='av_textblock_section av-l1i8cy8n-905aa6d5bc97f688397f5404a6a61870'  itemscope=\"itemscope\" itemtype=\"https:\/\/schema.org\/CreativeWork\" ><div class='avia_textblock'  itemprop=\"text\" ><h2>09.09.2014: Paderborn und B\u00fcren sind eine Reise wert!<\/h2>\n<div style=\"text-align: justify;\">\n<p><a title=\"Die Reisegruppe des Heimatvereins S\u00fcdlohn vor dem historischen Rathaus zu Paderborn.\" href=\"http:\/\/www.heimatverein-suedlohn.de\/media\/aktuelles\/bildungsreisen\/bueren.jpg\"><img loading=\"lazy\" decoding=\"async\" class=\"alignleft\" src=\"http:\/\/www.heimatverein-suedlohn.de\/media\/aktuelles\/bildungsreisen\/bueren.jpg\" alt=\"\" width=\"300\" height=\"225\" align=\"left\" border=\"0\" hspace=\"10\" vspace=\"10\" \/><\/a><\/p>\n<\/div>\n<div>Ziel der diesj\u00e4hrigen Tagesfahrt des Heimatvereins S\u00fcdlohn unter Leitung von Doris Bennemann war die 1.200 j\u00e4hrige Bischofs- und Universit\u00e4tsstadt Paderborn. Die karolingische Kaiserpfalz, der Dom mit den Reliquien des Hl. Liborius, das Rathaus im Stil der Weserrenaissance und vieles mehr wurde erkundet. So auch die Quellbereiche der Pader, die mitten in der Stadt\u00a0 aus 200 Quellen \u00fcber 5.000 Liter pro Sekunde aussch\u00fctten. Das Quellgebiet geh\u00f6rt zu den st\u00e4rksten Quellen in Deutschland. Der Name Paderborn setzt sich zusammen aus &#8222;Pader&#8220; und &#8222;Born&#8220; &#8211; einer fr\u00fcheren Bezeichnung f\u00fcr Quelle. Nach dem Mittagessen im historischen Gew\u00f6lbekellers des Rathauses f\u00fchrte die Fahrt nach B\u00fcren &#8211; einer kleinen Stadt am S\u00fcdrand der Paderborner Hochfl\u00e4che.<\/div>\n<div><\/div>\n<div>Doris Bennemann &#8211; ehemalige Rektorin der Roncalli-Schule &#8211; hatte als Ziel das<\/div>\n<div>B\u00fcrener Schulmuseum ausgesucht. Unter welchen Bedingungen lernten die Sch\u00fcler zu Kaisers Zeiten? Das Schulmuseum B\u00fcren zeigt einerseits Dokumente, an denen sich<\/div>\n<p><img loading=\"lazy\" decoding=\"async\" class=\"alignleft\" src=\"http:\/\/www.heimatverein-suedlohn.de\/media\/aktuelles\/bildungsreisen\/schule.jpg\" alt=\"\" width=\"300\" height=\"225\" align=\"left\" hspace=\"10\" vspace=\"10\" \/><\/p>\n<div>geschichtliche Entwicklungen ablesen lassen und\u00a0 andererseits m\u00f6glichst anschauliche Beispiele der Unterrichtsgestaltung durch den agierenden und erkl\u00e4renden Museumslehrer Heinz W\u00f6rdenweber. Die S\u00fcdlohner Besucher\/innen des Heimatvereins f\u00fchlten sich zur\u00fcckversetzt in die Zeiten des eigenen Schulbesuches, so manche Erinnerung wurde wieder lebendig. So war es auch m\u00f6glich, die deutsche S\u00fctterlinschrift zu entziffern, die 1942 durch die lateinische Schrift ersetzt wurde.<\/div>\n<div><\/div>\n<div>Abgeschlossen wurde die Reise mit einem Besuch des historischen &#8222;Caf\u00e9 Stilbruch&#8220;, erbaut in einem ehemaligen mittelalterlichen Lagerhaus der Edelherren von B\u00fcren.<\/div>\n<div style=\"text-align: justify;\"><\/div>\n<div style=\"text-align: justify;\"><\/div>\n<h2 style=\"text-align: justify;\"><\/h2>\n<\/div><\/section><\/div>\n\n<style type=\"text\/css\" data-created_by=\"avia_inline_auto\" id=\"style-css-av-w8cob-f9f138c18169d8b3a7ee1ec5ba03e364\">\n.flex_column.av-w8cob-f9f138c18169d8b3a7ee1ec5ba03e364{\n-webkit-border-radius:0px 0px 0px 0px;\n-moz-border-radius:0px 0px 0px 0px;\nborder-radius:0px 0px 0px 0px;\npadding:0px 0px 0px 0px;\n}\n<\/style>\n<div class='flex_column av-w8cob-f9f138c18169d8b3a7ee1ec5ba03e364 av_one_full  avia-builder-el-76  el_after_av_one_full  el_before_av_one_full  first flex_column_div av-zero-column-padding column-top-margin'     ><section  class='av_textblock_section av-l1i87vsr-f7508040eb72fa5efa43a12daaa26fb4'  itemscope=\"itemscope\" itemtype=\"https:\/\/schema.org\/CreativeWork\" ><div class='avia_textblock'  itemprop=\"text\" ><h2>04.04.2013: &#8222;Ladykillers&#8220; begeistern Freunde der plattdeutschen Sprache<\/h2>\n<div>\n<div style=\"text-align: justify;\">\n<div>\n<div style=\"text-align: justify;\">\n<p style=\"text-align: justify;\"><a title=\"Die Besuchergruppe des Heimatvereins S\u00fcdlohn vor dem Theatereingang.\" href=\"http:\/\/www.heimatverein-suedlohn.de\/media\/aktuelles\/termine\/lk1_gr.jpg\"><img loading=\"lazy\" decoding=\"async\" class=\"alignleft\" src=\"http:\/\/www.heimatverein-suedlohn.de\/media\/aktuelles\/termine\/lk1_gr.jpg\" alt=\"\" width=\"300\" height=\"225\" align=\"left\" border=\"0\" hspace=\"10\" vspace=\"10\" \/><\/a><\/p>\n<\/div>\n<\/div>\n<\/div>\n<\/div>\n<p style=\"text-align: justify;\">Der Heimatverein S\u00fcdlohn machte sich mit dem 1. Vorsitzenden Franz-Josef Bucks und Doris Bennemann auf den Weg zur Niederdeutschen B\u00fchne am Theater M\u00fcnster, um einen Klassiker der schwarzen britischen Kom\u00f6die zu sehen, basierend auf dem gleichnamigen Kultfilm von 1955. Die Krimikom\u00f6die spielt auf zwei Etagen: oben die Ganoven, unten die prinzipientreue Kapit\u00e4nswitwe mit ihren temperamentvollen Freundinnen. Die ebenso spannende wie mit schwarzem Humor gef\u00fcllte Kom\u00f6die wurde von Hannes Demming ins M\u00fcnsterl\u00e4ndische Platt \u00fcbertragen. Alle 13 Vorstellungen dieses Klassikers in plattdeutscher Sprache waren ausverkauft. Doris Bennemann konnte fr\u00fchzeitig ein Kartenkontingent f\u00fcr den Heimatverein reservieren und organisierte die erste Fahrt des Vereins zu einem Theaterbesuch. Die Heimatvereine bem\u00fchen sich sehr um den Erhalt der plattdeutschen Sprache, auch vor diesem Hintergrund war der Theaterbesuch zu sehen. Im n\u00e4chsten Jahr wird von der Niederdeutschen B\u00fchne das St\u00fcck &#8222;Moos frie Huus&#8220; aufgef\u00fchrt, ebenfalls in plattdeutsch und sicher ebenfalls auch wieder mit einer interessierten Gruppe des Heimatvereins S\u00fcdlohn.<\/p>\n<div style=\"text-align: justify;\"><\/div>\n<h2>21.09.2013: Maritime Erlebnisse in Ostfriesland<\/h2>\n<div>\n<div style=\"text-align: justify;\">\n<div>\n<div style=\"text-align: justify;\">\n<p style=\"text-align: justify;\"><a title=\"Die Reisegruppe des Heimatvereins auf der Treppe des historischen Rathauses in Leer\" href=\"http:\/\/www.heimatverein-suedlohn.de\/media\/aktuelles\/termine\/lk3_gr.jpg\"><img loading=\"lazy\" decoding=\"async\" class=\"alignleft\" src=\"http:\/\/www.heimatverein-suedlohn.de\/media\/aktuelles\/termine\/lk3_gr.jpg\" alt=\"\" width=\"300\" height=\"225\" align=\"left\" border=\"0\" hspace=\"10\" vspace=\"10\" \/><\/a><\/p>\n<\/div>\n<\/div>\n<\/div>\n<\/div>\n<p style=\"margin-bottom: 0cm; text-align: justify;\">Leer in Ostfriesland war das Ziel einer Tagestour des Heimatvereins S\u00fcdlohn, geleitet von Doris Bennemann. Erster Programmpunkt des Tages war die Besichtigung des im deutsch &#8211; niederl\u00e4ndischen Renaissancestil erbauten Rathauses von 1894. Das Rathaus ist nicht nur von au\u00dfen eine Augenweide, die inneren Deckenmalereien, Mosaikfu\u00dfb\u00f6den und S\u00e4le sind beeindruckend. Die Altstadt von Leer mit ihren Lagerh\u00e4usern, kleinen L\u00e4den und Teestuben ist weitgehend erhalten und zeugt von der Vergangenheit als Handels- und Hafenstadt. Leer ist nach Hamburg der zweitgr\u00f6\u00dfte Reederstandort in Deutschland. Die Hafenrundfahrt mit dem Grachtenboot &#8222;Koralle&#8220; f\u00fchrte in den Museums- und Industriehafen mit zahlreichen maritimen Attraktionen. Der Tagesabschluss wurde im Leeraner Miniaturland gemacht. Diese Anlage in Leer ist die zweitgr\u00f6\u00dfte ihrer Art in Deutschland nach dem Hamburger Miniatur Wunderland.<\/p>\n<div style=\"text-align: justify;\"><\/div>\n<div style=\"text-align: justify;\"><\/div>\n<div style=\"text-align: justify;\"><\/div>\n<h2 style=\"text-align: justify;\"><\/h2>\n<div style=\"text-align: justify;\"><\/div>\n<div style=\"text-align: justify;\"><\/div>\n<h2 style=\"text-align: justify;\"><\/h2>\n<\/div><\/section><\/div>\n\n<style type=\"text\/css\" data-created_by=\"avia_inline_auto\" id=\"style-css-av-41lt7-af3d394d8a43e2ba2382407e3e7ba4b1\">\n.flex_column.av-41lt7-af3d394d8a43e2ba2382407e3e7ba4b1{\n-webkit-border-radius:0px 0px 0px 0px;\n-moz-border-radius:0px 0px 0px 0px;\nborder-radius:0px 0px 0px 0px;\npadding:0px 0px 0px 0px;\n}\n<\/style>\n<div class='flex_column av-41lt7-af3d394d8a43e2ba2382407e3e7ba4b1 av_one_full  avia-builder-el-78  el_after_av_one_full  el_before_av_one_full  first flex_column_div av-zero-column-padding column-top-margin'     ><section  class='av_textblock_section av-l1i869am-ae2113017980f2e2efb35972c5229877'  itemscope=\"itemscope\" itemtype=\"https:\/\/schema.org\/CreativeWork\" ><div class='avia_textblock'  itemprop=\"text\" ><h2>2013<\/h2>\n<p style=\"text-align: justify;\"><img loading=\"lazy\" decoding=\"async\" class=\"alignleft\" src=\"http:\/\/www.heimatverein-suedlohn.de\/media\/aktuelles\/termine\/lk2.jpg\" alt=\"\" width=\"107\" height=\"150\" align=\"left\" hspace=\"20\" vspace=\"20\" \/><\/p>\n<p style=\"text-align: justify;\">Ab dem Jahre 2013 werden die Reisen geplant, organisiert und durchgef\u00fchrt von Doris Bennemann, ehemalige Rektorin der Roncalli-Hauptschule S\u00fcdlohn.<\/p>\n<h2><\/h2>\n<h2><\/h2>\n<h2><\/h2>\n<div><\/div>\n<\/div><\/section><\/div>\n\n<style type=\"text\/css\" data-created_by=\"avia_inline_auto\" id=\"style-css-av-17rtgr-c54d431d7d9853d7840304a73f86e4e5\">\n.flex_column.av-17rtgr-c54d431d7d9853d7840304a73f86e4e5{\n-webkit-border-radius:0px 0px 0px 0px;\n-moz-border-radius:0px 0px 0px 0px;\nborder-radius:0px 0px 0px 0px;\npadding:0px 0px 0px 0px;\n}\n<\/style>\n<div class='flex_column av-17rtgr-c54d431d7d9853d7840304a73f86e4e5 av_one_full  avia-builder-el-80  el_after_av_one_full  el_before_av_one_full  first flex_column_div av-zero-column-padding column-top-margin'     ><section  class='av_textblock_section av-l1i85law-a3140ba8e6d646b0a8f732ff3a894716'  itemscope=\"itemscope\" itemtype=\"https:\/\/schema.org\/CreativeWork\" ><div class='avia_textblock'  itemprop=\"text\" ><h2>2011:<\/h2>\n<div style=\"text-align: justify;\"><b>Spiekeroog \u2013 die Nordseeinsel <\/b><\/div>\n<div style=\"text-align: justify;\">Die Insel Spiekeroog zeigte sich den G\u00e4sten des Heimatvereins in buntem Farbenspiel. Blauer Himmel und Sonnenschein begleiteten die Reisegruppe bei ihrem Gang \u00fcber die gr\u00fcne Insel. Bei der gef\u00fchrten Inselbesichtigung erkannten die Besucher, dass die Bewohner Sinn und Platz f\u00fcr viel Individuelles haben. Die \u00e4lteste ostfriesische Inselkirche stellte den Besuchern Zeugnisse der Vergangenheit vor. Kein Autol\u00e4rm und nichts, was den Alltag unertr\u00e4glich macht, bedr\u00e4ngt die Urlauber &#8211; eine besondere Erfahrung f\u00fcr die G\u00e4ste aus dem M\u00fcnsterland.<\/div>\n<div style=\"text-align: justify;\"><a href=\"http:\/\/www.spiekeroog.de\/\">www.spiekeroog.de<\/a><\/div>\n<\/div><\/section><\/div>\n\n<style type=\"text\/css\" data-created_by=\"avia_inline_auto\" id=\"style-css-av-1e8s1f-aa04a6685575604a274eb7c98ba3ea58\">\n.flex_column.av-1e8s1f-aa04a6685575604a274eb7c98ba3ea58{\n-webkit-border-radius:0px 0px 0px 0px;\n-moz-border-radius:0px 0px 0px 0px;\nborder-radius:0px 0px 0px 0px;\npadding:0px 0px 0px 0px;\n}\n<\/style>\n<div class='flex_column av-1e8s1f-aa04a6685575604a274eb7c98ba3ea58 av_one_full  avia-builder-el-82  el_after_av_one_full  el_before_av_one_full  first flex_column_div av-zero-column-padding column-top-margin'     ><section  class='av_textblock_section av-l1i84xne-f49e974aca149d1c3f0b83453ad7addf'  itemscope=\"itemscope\" itemtype=\"https:\/\/schema.org\/CreativeWork\" ><div class='avia_textblock'  itemprop=\"text\" ><h2>2010:<\/h2>\n<div style=\"text-align: justify;\"><b>Goslar,\u00a0Lager Friedland und das Grenzmuseum \u201eSchifflersgrund\u201c.<\/b><\/div>\n<div style=\"text-align: justify;\"><b>\u00a0<\/b><\/div>\n<div style=\"text-align: justify;\"><b>Goslar \u2013 <\/b>die Kaiserstadt und Weltkulturerbe der UNESCO zu erleben war ein besonderes Erlebnis. Die Altstadt mit \u00fcber 1.500 Fachwerkh\u00e4user unterschiedlicher Epochen haben die Geschichte dieser Stadt auf Schritt und Tritt erleben lassen.<\/div>\n<div style=\"text-align: justify;\"><a href=\"http:\/\/www.goslar.de\/\">www.goslar.de<\/a><\/div>\n<div style=\"text-align: justify;\"><\/div>\n<div style=\"text-align: justify;\"><b>Grenzdurchgangslager Friedland: <\/b>Seit der Gr\u00fcndung 1945 war das GDL f\u00fcr mehr als 4 Millionen Menschen die erste Anlaufstelle in der Bundesrepublik Deutschland. Deshalb wird es auch heute noch als \u201eTor zur Freiheit\u201c bezeichnet. Unvergessen sind die Bilder der Heimkehr der deutschen Soldaten aus russischer Kriegsgefangenschaft im Jahre 1955 \u2013 zehn Jahre nach Beendigung der Kriegshandlungen.<\/div>\n<div style=\"text-align: justify;\"><a href=\"http:\/\/www.grenzdurchgangslager-friedland.niedersachsen.de\/\">www.grenzdurchgangslager-friedland.niedersachsen.de<\/a><\/div>\n<div style=\"text-align: justify;\"><\/div>\n<div style=\"text-align: justify;\"><b>Grenzmuseum \u201eSchifflersgrund\u201c: <\/b>Im Besucherzentrum wurde deutlich, wie das Nadel\u00f6hr zwischen den Welten Ost und West organisiert war. Die Geschichte der innerdeutschen Teilung, die historischen Zusammenh\u00e4nge und die oft unmenschlichen Kontrollmechanismen der Grenzorgane der ehemaligen DDR wurden uns nochmals vor Augen gef\u00fchrt.<\/div>\n<div style=\"text-align: justify;\"><\/div>\n<div style=\"text-align: justify;\">\u201eAuch wenn sie nun ein Teil der Geschichte ist, auch wenn die Gitterz\u00e4une, Stacheldr\u00e4hte, Sperr \u2013 und Selbstschussanlagen demontiert sind, die Minenfelder ger\u00e4umt, die Wacht\u00fcrme gesprengt, die Gr\u00e4ben zugesch\u00fcttet und vom frischen Gr\u00fcn \u00fcberwachsen sind \u2013 f\u00fcr alle, die mit ihr leben und unter ihr leiden mussten, ist die menschenverachtende Grenze, die \u00fcber vierzig Jahre Deutschland spaltete, nicht vergessen.\u201c<\/div>\n<div style=\"text-align: justify;\">Zitat aus <a href=\"http:\/\/www.grenzmuseum.de\/\">www.grenzmuseum.de<\/a><\/div>\n<\/div><\/section><\/div>\n\n<style type=\"text\/css\" data-created_by=\"avia_inline_auto\" id=\"style-css-av-1kd2lf-a5ab1a2ec9faaadc9b561f419a9d8a7a\">\n.flex_column.av-1kd2lf-a5ab1a2ec9faaadc9b561f419a9d8a7a{\n-webkit-border-radius:0px 0px 0px 0px;\n-moz-border-radius:0px 0px 0px 0px;\nborder-radius:0px 0px 0px 0px;\npadding:0px 0px 0px 0px;\n}\n<\/style>\n<div class='flex_column av-1kd2lf-a5ab1a2ec9faaadc9b561f419a9d8a7a av_one_full  avia-builder-el-84  el_after_av_one_full  el_before_av_one_full  first flex_column_div av-zero-column-padding column-top-margin'     ><section  class='av_textblock_section av-l1i84clm-fbea2a4e4e2a1b90ad44d0975182330a'  itemscope=\"itemscope\" itemtype=\"https:\/\/schema.org\/CreativeWork\" ><div class='avia_textblock'  itemprop=\"text\" ><h2>2009:<\/h2>\n<div style=\"text-align: justify;\"><b>Weimar, Buchenwald und die Wartburg<\/b><\/div>\n<div style=\"text-align: justify;\"><b>\u00a0<\/b><\/div>\n<div style=\"text-align: justify;\"><b>Weimar<\/b> wurde 1999 zur \u201eKulturstadt Europas\u201c ernannt. Die kulturgeschichtliche Bedeutung wurde von der UNESCO gew\u00fcrdigt durch Aufnahme in die \u201eWelterbeliste\u201c. Alle Sehensw\u00fcrdigkeiten auch nur ansatzweise zu beschreiben, sprengt den Rahmen dieser kurzen Reise\u00fcbersicht.<\/div>\n<div style=\"text-align: justify;\"><a href=\"http:\/\/www.weimar.de\/\">www.weimar.de<\/a><\/div>\n<div style=\"text-align: justify;\"><\/div>\n<div style=\"text-align: justify;\"><b>Buchenwald <\/b>ist ein Begriff f\u00fcr das dunkelste Kapitel der deutscher Geschichte. Bedr\u00fcckend die Erlebnisse, schweigend verneigten sich die Teilnehmer bei der Niederlegung des Kranzes zum Gedenken an die Opfer des Nationalsozialismus und der Gewaltherrschaft.<\/div>\n<div style=\"text-align: justify;\"><a href=\"http:\/\/www.buchenwald.de\/\">www.buchenwald.de<\/a><\/div>\n<div style=\"text-align: justify;\"><\/div>\n<div style=\"text-align: justify;\"><b>Die Wartburg <\/b>l\u00e4sst Geschichte pur erleben. Das pr\u00e4gnanteste Ereignis in der Geschichte der Wartburg: 1521 \u00fcbersetzte Martin Luther das Neue Testament unter Zugrundelegung des griechischen Urtextes ins Deutsche.<\/div>\n<div style=\"text-align: justify;\"><a href=\"http:\/\/www.wartburg-eisenach.de\/\">www.wartburg-eisenach.de<\/a><\/div>\n<\/div><\/section><\/div>\n\n<style type=\"text\/css\" data-created_by=\"avia_inline_auto\" id=\"style-css-av-1taicr-e899ee0d64be055949f22c49b5c0045e\">\n.flex_column.av-1taicr-e899ee0d64be055949f22c49b5c0045e{\n-webkit-border-radius:0px 0px 0px 0px;\n-moz-border-radius:0px 0px 0px 0px;\nborder-radius:0px 0px 0px 0px;\npadding:0px 0px 0px 0px;\n}\n<\/style>\n<div class='flex_column av-1taicr-e899ee0d64be055949f22c49b5c0045e av_one_full  avia-builder-el-86  el_after_av_one_full  el_before_av_one_full  first flex_column_div av-zero-column-padding column-top-margin'     ><section  class='av_textblock_section av-l1i83ki7-3895bdab504e5a93f86d8a5c394b15f2'  itemscope=\"itemscope\" itemtype=\"https:\/\/schema.org\/CreativeWork\" ><div class='avia_textblock'  itemprop=\"text\" ><h2>2008:<\/h2>\n<div style=\"text-align: justify;\"><b>Bad Zwischenahn im Ammerland<\/b><\/div>\n<div style=\"text-align: justify;\">Moor, Heide, Wald und Wiesen, gepflegte Parkanlagen mit m\u00e4chtigen B\u00e4umen bestimmen die Landschaft. Als \u201ePerle des Ammerlandes\u201c wird das Zwischenahner Meer bezeichnet. Aal und Gr\u00fcnkohl haben einige Reiseteilnehmer genossen. Ob auch \u201eSchnaps aus dem L\u00f6ffel\u201c dazugeh\u00f6rte, bleibt ein Geheimnis.<\/div>\n<div style=\"text-align: justify;\"><a href=\"http:\/\/www.bad-zwischenahn-touristik.de\/\">www.bad-zwischenahn-touristik.de<\/a><\/div>\n<\/div><\/section><\/div>\n\n<style type=\"text\/css\" data-created_by=\"avia_inline_auto\" id=\"style-css-av-1wubfn-5219b15c680594bff7b44b16ddc75ada\">\n.flex_column.av-1wubfn-5219b15c680594bff7b44b16ddc75ada{\n-webkit-border-radius:0px 0px 0px 0px;\n-moz-border-radius:0px 0px 0px 0px;\nborder-radius:0px 0px 0px 0px;\npadding:0px 0px 0px 0px;\n}\n<\/style>\n<div class='flex_column av-1wubfn-5219b15c680594bff7b44b16ddc75ada av_one_full  avia-builder-el-88  el_after_av_one_full  el_before_av_one_full  first flex_column_div av-zero-column-padding column-top-margin'     ><section  class='av_textblock_section av-l1i82u1g-6d5d45f28ecfa0b9eb48c4e0ffe3ea17'  itemscope=\"itemscope\" itemtype=\"https:\/\/schema.org\/CreativeWork\" ><div class='avia_textblock'  itemprop=\"text\" ><h2>2007:<\/h2>\n<div style=\"text-align: justify;\"><b>Greetsiel und Schloss Clemenswerth<\/b><\/div>\n<div style=\"text-align: justify;\">Angekommen in <b>Greetsiel<\/b>, waren alle fasziniert von dem \u00fcber 600 Jahre alten Fischereihafen mit seiner beeindruckenden Krabbenkutterflotte und den malerischen Gassen.<\/div>\n<div style=\"text-align: justify;\"><a href=\"http:\/\/www.greetsiel.de\/\">www.greetsiel.de<\/a><\/div>\n<div style=\"text-align: justify;\"><\/div>\n<div style=\"text-align: justify;\">Das Jagdschloss <b>Clemenswerth<\/b> wurde 1737 bis 1747 nach Pl\u00e4nen des ber\u00fchmten Barockarchitekten Johann Conrad Schlaun errichtet. Das Schloss ist eines der sehenswertesten Kulturdenkm\u00e4ler Norddeutschlands.<\/div>\n<div style=\"text-align: justify;\"><a href=\"http:\/\/www.clemenswerth.de\/\">www.clemenswerth.de<\/a><\/div>\n<h2 style=\"text-align: justify;\"><\/h2>\n<\/div><\/section><\/div>\n\n<style type=\"text\/css\" data-created_by=\"avia_inline_auto\" id=\"style-css-av-22sl63-d75b3b1ea9b6577ea2acd0d93191f8c9\">\n.flex_column.av-22sl63-d75b3b1ea9b6577ea2acd0d93191f8c9{\n-webkit-border-radius:0px 0px 0px 0px;\n-moz-border-radius:0px 0px 0px 0px;\nborder-radius:0px 0px 0px 0px;\npadding:0px 0px 0px 0px;\n}\n<\/style>\n<div class='flex_column av-22sl63-d75b3b1ea9b6577ea2acd0d93191f8c9 av_one_full  avia-builder-el-90  el_after_av_one_full  el_before_av_one_full  first flex_column_div av-zero-column-padding column-top-margin'     ><section  class='av_textblock_section av-l1i82cft-430c1a0a3efb3328576c63daaa12d5df'  itemscope=\"itemscope\" itemtype=\"https:\/\/schema.org\/CreativeWork\" ><div class='avia_textblock'  itemprop=\"text\" ><h2>2006:<\/h2>\n<div style=\"text-align: justify;\"><b>Giethoorn \u2013 Hollands \u201eKlein \u2013 Venedig\u201c<\/b><\/div>\n<div style=\"text-align: justify;\">\u00a0\u201eEinfach m\u00e4rchenhaft\u201c \u2013 so die einhellige Aussage der Reiseteilnehmer. Das ganze Dorf ist eine Sehensw\u00fcrdigkeit. Bestimmt wird das Bild von Giethoorn durch Grachten, kleine Holzbr\u00fccken und mit Schilf gedeckten Bauernh\u00e4user. Diese Atmosph\u00e4ren haben den Ort den Ruf des\u201egr\u00fcnen Venedig\u201c gebracht.<\/div>\n<div style=\"text-align: justify;\"><a href=\"http:\/\/www.zwaantje.nl\/\">www.zwaantje.nl<\/a><\/div>\n<h2 style=\"text-align: justify;\"><\/h2>\n<\/div><\/section><\/div>\n\n<style type=\"text\/css\" data-created_by=\"avia_inline_auto\" id=\"style-css-av-2avqnf-dcc812bf36779f7e40d69188c9e735bb\">\n.flex_column.av-2avqnf-dcc812bf36779f7e40d69188c9e735bb{\n-webkit-border-radius:0px 0px 0px 0px;\n-moz-border-radius:0px 0px 0px 0px;\nborder-radius:0px 0px 0px 0px;\npadding:0px 0px 0px 0px;\n}\n<\/style>\n<div class='flex_column av-2avqnf-dcc812bf36779f7e40d69188c9e735bb av_one_full  avia-builder-el-92  el_after_av_one_full  el_before_av_one_full  first flex_column_div av-zero-column-padding column-top-margin'     ><section  class='av_textblock_section av-l1i81p8a-fce5972f6cd6237b6a92e7def94ff1c9'  itemscope=\"itemscope\" itemtype=\"https:\/\/schema.org\/CreativeWork\" ><div class='avia_textblock'  itemprop=\"text\" ><h2>2005:<\/h2>\n<div style=\"text-align: justify;\"><b>Eversberg \u2013 das Bundesgolddorf im Hochsauerland<\/b><\/div>\n<div style=\"text-align: justify;\">Eine gelungene Tour: Eversberg liegt in einer der sch\u00f6nsten und landschaftlich reizvollsten Gegenden im Sauerland, im Land der tausend Berge. Romantische Fachwerkh\u00e4user und idyllische Pl\u00e4tze laden zum Verweilen ein.<\/div>\n<div style=\"text-align: justify;\"><a href=\"http:\/\/www.eversberg.de\/\">www.eversberg.de<\/a><\/div>\n<h2 style=\"text-align: justify;\"><\/h2>\n<\/div><\/section><\/div>\n\n<style type=\"text\/css\" data-created_by=\"avia_inline_auto\" id=\"style-css-av-2fplwr-4732402f40319efd2665175e1539457d\">\n.flex_column.av-2fplwr-4732402f40319efd2665175e1539457d{\n-webkit-border-radius:0px 0px 0px 0px;\n-moz-border-radius:0px 0px 0px 0px;\nborder-radius:0px 0px 0px 0px;\npadding:0px 0px 0px 0px;\n}\n<\/style>\n<div class='flex_column av-2fplwr-4732402f40319efd2665175e1539457d av_one_full  avia-builder-el-94  el_after_av_one_full  el_before_av_one_full  first flex_column_div av-zero-column-padding column-top-margin'     ><section  class='av_textblock_section av-l1i81e9v-704ced9e756754cb2f1031baf701a5b4'  itemscope=\"itemscope\" itemtype=\"https:\/\/schema.org\/CreativeWork\" ><div class='avia_textblock'  itemprop=\"text\" ><h2>2004:<\/h2>\n<div style=\"text-align: justify;\"><b>L\u00fcneburger Heide + Niederhaverbeck<\/b><\/div>\n<div style=\"text-align: justify;\">Niederhaverbeck war der ideale Ort, um die ausgedehnten Heidefl\u00e4chen, Wacholderbest\u00e4nde, wundersch\u00f6nen D\u00f6rfer und H\u00fcgelgr\u00e4ber zu erkunden. Das Naturschutzgebiet L\u00fcneburger Heide hat dazu eingeladen, Landschaft und Kultur gleicherma\u00dfen zu genie\u00dfen.<\/div>\n<div style=\"text-align: justify;\"><a href=\"http:\/\/www.lueneburger-heide.de\/\">www.lueneburger-heide.de<\/a><\/div>\n<div style=\"text-align: justify;\"><a href=\"http:\/\/www.lueneburgerheideaktuell.de\/\">www.lueneburgerheideaktuell.de<\/a><\/div>\n<\/div><\/section><\/div>\n\n<style type=\"text\/css\" data-created_by=\"avia_inline_auto\" id=\"style-css-av-2l5617-34733b58678ba894388c512ecfdc32b6\">\n.flex_column.av-2l5617-34733b58678ba894388c512ecfdc32b6{\n-webkit-border-radius:0px 0px 0px 0px;\n-moz-border-radius:0px 0px 0px 0px;\nborder-radius:0px 0px 0px 0px;\npadding:0px 0px 0px 0px;\n}\n<\/style>\n<div class='flex_column av-2l5617-34733b58678ba894388c512ecfdc32b6 av_one_full  avia-builder-el-96  el_after_av_one_full  el_before_av_one_full  first flex_column_div av-zero-column-padding column-top-margin'     ><section  class='av_textblock_section av-l1i80rjo-cc2735fafc6c62d1873fef620506d72b'  itemscope=\"itemscope\" itemtype=\"https:\/\/schema.org\/CreativeWork\" ><div class='avia_textblock'  itemprop=\"text\" ><h2>2003:<\/h2>\n<div style=\"text-align: justify;\"><b>K\u00fcnstlerdorf Sch\u00f6ppingen und Stift Asbeck<\/b><\/div>\n<div style=\"text-align: justify;\">Abb. Internet Pfarrkirche St. Brictus oder Asbeck Dormitorium<\/div>\n<div style=\"text-align: justify;\">Das K\u00fcnstlerdorf Sch\u00f6ppingen besteht aus zwei renovierten Bauernh\u00f6fen aus dem 19. Jahrhundert. Besonders sehenswert ist die ehrw\u00fcrdige Pfarrkirche St. Brictius und nat\u00fcrlich das Stift Asbeck mit Dormitorium und Kreuzgang.<\/div>\n<div style=\"text-align: justify;\"><a href=\"http:\/\/www.schoeppingen.de\/\">www.schoeppingen.de<\/a><\/div>\n<div style=\"text-align: justify;\"><a href=\"http:\/\/www.heimatverein-asbeck.de\/\">www.heimatverein-asbeck.de<\/a><\/div>\n<\/div><\/section><\/div>\n\n<style type=\"text\/css\" data-created_by=\"avia_inline_auto\" id=\"style-css-av-2rf6lv-7dc3e864c164a966137edc390e415557\">\n.flex_column.av-2rf6lv-7dc3e864c164a966137edc390e415557{\n-webkit-border-radius:0px 0px 0px 0px;\n-moz-border-radius:0px 0px 0px 0px;\nborder-radius:0px 0px 0px 0px;\npadding:0px 0px 0px 0px;\n}\n<\/style>\n<div class='flex_column av-2rf6lv-7dc3e864c164a966137edc390e415557 av_one_full  avia-builder-el-98  el_after_av_one_full  el_before_av_one_full  first flex_column_div av-zero-column-padding column-top-margin'     ><section  class='av_textblock_section av-l1i804tv-629b0822a4212f9a9adaf56cc34dca9b'  itemscope=\"itemscope\" itemtype=\"https:\/\/schema.org\/CreativeWork\" ><div class='avia_textblock'  itemprop=\"text\" ><h2>2002:<\/h2>\n<div style=\"text-align: justify;\"><b>Kloster Corvey<\/b><\/div>\n<div style=\"text-align: justify;\">Vor den Toren der Stadt H\u00f6xter thront das Kloster Corvey. Die weitl\u00e4ufige Schlossanlage beeindruckt durch imposante Au\u00dfenanlagen. Das Kloster wurde 822 von franz\u00f6sischen M\u00f6nchen gegr\u00fcndet und stellte in der Folgezeit ein kulturelles und politisches Zentrum dar. Im 19. Jahrhundert wurde das Kloster zum Schloss umgewandelt.<a href=\"http:\/\/www.schloss-corvey.de\/\"><br \/>\n<\/a><\/div>\n<div style=\"text-align: justify;\"><a href=\"http:\/\/www.schloss-corvey.de\/\">www.schloss-corvey.de<\/a><\/div>\n<\/div><\/section><\/div>\n\n<style type=\"text\/css\" data-created_by=\"avia_inline_auto\" id=\"style-css-av-bdzk3-0deed22dfd42ac7cf6ba749237bd8a99\">\n.flex_column.av-bdzk3-0deed22dfd42ac7cf6ba749237bd8a99{\n-webkit-border-radius:0px 0px 0px 0px;\n-moz-border-radius:0px 0px 0px 0px;\nborder-radius:0px 0px 0px 0px;\npadding:0px 0px 0px 0px;\n}\n<\/style>\n<div class='flex_column av-bdzk3-0deed22dfd42ac7cf6ba749237bd8a99 av_one_full  avia-builder-el-100  el_after_av_one_full  avia-builder-el-last  first flex_column_div av-zero-column-padding column-top-margin'     ><\/div>\n","protected":false},"excerpt":{"rendered":"","protected":false},"author":1,"featured_media":0,"parent":372,"menu_order":4,"comment_status":"closed","ping_status":"closed","template":"","meta":{"footnotes":""},"class_list":["post-387","page","type-page","status-publish","hentry"],"_links":{"self":[{"href":"http:\/\/www.heimatverein-suedlohn.de\/index.php\/wp-json\/wp\/v2\/pages\/387","targetHints":{"allow":["GET"]}}],"collection":[{"href":"http:\/\/www.heimatverein-suedlohn.de\/index.php\/wp-json\/wp\/v2\/pages"}],"about":[{"href":"http:\/\/www.heimatverein-suedlohn.de\/index.php\/wp-json\/wp\/v2\/types\/page"}],"author":[{"embeddable":true,"href":"http:\/\/www.heimatverein-suedlohn.de\/index.php\/wp-json\/wp\/v2\/users\/1"}],"replies":[{"embeddable":true,"href":"http:\/\/www.heimatverein-suedlohn.de\/index.php\/wp-json\/wp\/v2\/comments?post=387"}],"version-history":[{"count":30,"href":"http:\/\/www.heimatverein-suedlohn.de\/index.php\/wp-json\/wp\/v2\/pages\/387\/revisions"}],"predecessor-version":[{"id":7867,"href":"http:\/\/www.heimatverein-suedlohn.de\/index.php\/wp-json\/wp\/v2\/pages\/387\/revisions\/7867"}],"up":[{"embeddable":true,"href":"http:\/\/www.heimatverein-suedlohn.de\/index.php\/wp-json\/wp\/v2\/pages\/372"}],"wp:attachment":[{"href":"http:\/\/www.heimatverein-suedlohn.de\/index.php\/wp-json\/wp\/v2\/media?parent=387"}],"curies":[{"name":"wp","href":"https:\/\/api.w.org\/{rel}","templated":true}]}}